{"id":16907,"date":"2026-04-28T13:05:26","date_gmt":"2026-04-28T13:05:26","guid":{"rendered":"https:\/\/dgpe.gouv.ci\/fr\/?post_type=flash_infos&#038;p=16907"},"modified":"2026-04-28T13:05:26","modified_gmt":"2026-04-28T13:05:26","slug":"le-mpeep-organise-le-seminaire-de-validation-des-criteres-devaluation-des-entreprises-pour-la-8eme-edition-du-prix-de-la-gouvernance-le-jeudi-30-avril-2026-a-09h-a-lhotel-belle-cote","status":"publish","type":"flash_infos","link":"https:\/\/dgpe.gouv.ci\/fr\/flash_infos\/le-mpeep-organise-le-seminaire-de-validation-des-criteres-devaluation-des-entreprises-pour-la-8eme-edition-du-prix-de-la-gouvernance-le-jeudi-30-avril-2026-a-09h-a-lhotel-belle-cote\/","title":{"rendered":"Le MPEEP organise le s\u00e9minaire de Validation des Crit\u00e8res d\u2019Evaluation des Entreprises pour la 8\u00e8me \u00e9dition du Prix de la Gouvernance, le jeudi 30 avril 2026 \u00e0 09h \u00e0 l\u2019h\u00f4tel Belle C\u00f4te."},"content":{"rendered":"<p><strong>Le MPEEP organise le s\u00e9minaire de Validation des Crit\u00e8res d\u2019Evaluation des Entreprises pour la 8\u00e8me\u00a0\u00e9dition du Prix de la Gouvernance, le jeudi 30 avril 2026 \u00e0 09h \u00e0 l\u2019h\u00f4tel Belle C\u00f4te.<\/strong><\/p>\n","protected":false},"featured_media":0,"template":"","class_list":["post-16907","flash_infos","type-flash_infos","status-publish","hentry"],"_links":{"self":[{"href":"https:\/\/dgpe.gouv.ci\/fr\/wp-json\/wp\/v2\/flash_infos\/16907","targetHints":{"allow":["GET"]}}],"collection":[{"href":"https:\/\/dgpe.gouv.ci\/fr\/wp-json\/wp\/v2\/flash_infos"}],"about":[{"href":"https:\/\/dgpe.gouv.ci\/fr\/wp-json\/wp\/v2\/types\/flash_infos"}],"wp:attachment":[{"href":"https:\/\/dgpe.gouv.ci\/fr\/wp-json\/wp\/v2\/media?parent=16907"}],"curies":[{"name":"wp","href":"https:\/\/api.w.org\/{rel}","templated":true}]}}