{"id":12435,"date":"2023-07-06T13:59:20","date_gmt":"2023-07-06T13:59:20","guid":{"rendered":"https:\/\/dgpe.gouv.ci\/fr\/?page_id=12435"},"modified":"2024-01-17T00:33:46","modified_gmt":"2024-01-17T00:33:46","slug":"archives-dgpe-news","status":"publish","type":"page","link":"https:\/\/dgpe.gouv.ci\/fr\/archives-dgpe-news\/","title":{"rendered":"Archives"},"content":{"rendered":"\t\t<div data-elementor-type=\"wp-page\" data-elementor-id=\"12435\" class=\"elementor elementor-12435\" data-elementor-post-type=\"page\">\n\t\t\t\t\t\t<section data-exad-particle-enable=\"false\" class=\"elementor-section elementor-top-section elementor-element elementor-element-57623f6 elementor-section-stretched elementor-section-boxed elementor-section-height-default elementor-section-height-default exad-parallax-effect-no exad-background-color-change-no exad-glass-effect-no exad-sticky-section-no\" data-id=\"57623f6\" data-element_type=\"section\" data-e-type=\"section\" data-settings=\"{&quot;stretch_section&quot;:&quot;section-stretched&quot;,&quot;background_background&quot;:&quot;classic&quot;}\">\n\t\t\t\t\t\t<div class=\"elementor-container elementor-column-gap-no\">\n\t\t\t\t\t<div class=\"elementor-column elementor-col-100 elementor-top-column elementor-element elementor-element-7f15038 exad-glass-effect-no exad-sticky-section-no\" data-id=\"7f15038\" data-element_type=\"column\" data-e-type=\"column\">\n\t\t\t<div class=\"elementor-widget-wrap elementor-element-populated\">\n\t\t\t\t\t\t<div class=\"elementor-element elementor-element-45bf706 gyan-post-grid-button-center elementor-grid-3 elementor-grid-tablet-2 elementor-grid-mobile-1 exad-sticky-section-no exad-glass-effect-no elementor-widget elementor-widget-gyan_post_grid\" data-id=\"45bf706\" data-element_type=\"widget\" data-e-type=\"widget\" data-settings=\"{&quot;columns&quot;:&quot;3&quot;,&quot;columns_tablet&quot;:&quot;2&quot;,&quot;columns_mobile&quot;:&quot;1&quot;}\" data-widget_type=\"gyan_post_grid.default\">\n\t\t\t\t<div class=\"elementor-widget-container\">\n\t\t\t\t\t        <div class=\"gyan-post-grid-container gyan-post-grid-s3 gyan-post-grid-container-45bf706\" data-layout=\"grid\" data-rtl=\"false\">\n\n            \n            <div class=\"gyan-post-grid gyan-elementor-grid\">\n                \n<div class=\"gyan-post-grid-item gyan-grid-item-wrap cat-181 cat-24\">\n    <div class=\"gyan-post-grid-item-inner gyan-grid-item\">\n\n        <div class=\"gyan-post-grid-item-holder gyan-ease-transition\">\n\n            \n                <div class=\"gyan-post-image\">\n                    <div class=\"gyan-post-grid-format\"><a href=\"https:\/\/dgpe.gouv.ci\/fr\/gouvernance-des-entreprises-publiques-mar-mariatou-kone-met-les-dirigeants-sociaux-face-a-leurs-responsabilites\/\" class=\"gyan-post-grid-image gyan-post-grid-image-effect-zoom\"><img decoding=\"async\" class=\"gyan-ease-transition\" src=\"https:\/\/dgpe.gouv.ci\/fr\/wp-content\/uploads\/2026\/04\/WhatsApp-Image-2026-04-21-at-19.20.10-670x670.jpeg\" alt=\"\" \/><\/a>                    <\/div>\n                <\/div>\n\n            \n            <div class=\"gyan-post-content-block gyan-ease-transition\">\n                <div class=\"gyan-post-title-section\">\n                    <div class=\"gyan-post-grid-metas gyan-ease-transition gyan-post-grid-separator-none \"><span class=\"gyan-grid-metas-item\"><span class=\"gyan-postmetas-icon\"><i class=\"fas fa-clock\"><\/i><\/span><span class=\"gyan-postmeta-text\">Avr 20, 2026<\/span><\/span><span class=\"gyan-grid-metas-item\"><span class=\"gyan-love \" data-id=\"16889\"><i class=\"fas fa-heart fas-regular\"><\/i><i class=\"fas fa-heart\"><\/i><span class=\"gyan-like-number\">24<\/span><\/span> Likes<\/span><span class=\"gyan-grid-metas-item\"><span class=\"gyan-postmetas-icon\"><i class=\"fas fa-eye\"><\/i><\/span><span class=\"gyan-postmeta-text\">590 Vues<\/span><\/span><\/div>\n    <div class=\"clear\"><\/div>                        <div class=\"gyan-post-grid-content\">\n\n                            \n                            <div class=\"gyan-post-title\">\n                                <h2><a href=\"https:\/\/dgpe.gouv.ci\/fr\/gouvernance-des-entreprises-publiques-mar-mariatou-kone-met-les-dirigeants-sociaux-face-a-leurs-responsabilites\/\" >GOUVERNANCE DES ENTREPRISES PUBLIQUES :  \u00ab Mariatou Kon\u00e9 met les dirigeants sociaux                                <\/a><\/h2>\n                            <\/div>\n\n                            \n                            \n                                <div class=\"gyan-post-list-excerpt\">\n                                    Le Minist\u00e8re du Portefeuille de l\u2019\u00c9tat et des Entreprises publiques a organis\u00e9 ce jeudi 16                                <\/div>\n\n                            \n                            <div class=\"clear\"><\/div>\n\n                        <\/div>\n                        <div class=\"gyan-post-grid-button-wrap\"><div class=\"gyan-post-grid-button-holder\"><a href=\"https:\/\/dgpe.gouv.ci\/fr\/gouvernance-des-entreprises-publiques-mar-mariatou-kone-met-les-dirigeants-sociaux-face-a-leurs-responsabilites\/\" class=\"gyan-post-grid-button gyan-ease-transition gyan-flex\"><span class=\"gyan-post-grid-button-icon gyan-icon\"><i aria-hidden=\"true\" class=\"fas fa-angle-right\"><\/i><\/span><\/a><\/div><\/div>\n                                                <div class=\"clear\"><\/div>\n                <\/div>\n                <div class=\"clear\"><\/div>\n            <\/div>\n            <div class=\"clear\"><\/div>\n        <\/div><div class=\"clear\"><\/div>\n\n    <\/div> <!-- gyan-post-grid-item-inner --><div class=\"clear\"><\/div>\n<\/div> <!-- gyan-post-grid-item -->\n\n<div class=\"clear\"><\/div>\n<div class=\"gyan-post-grid-item gyan-grid-item-wrap cat-181 cat-24\">\n    <div class=\"gyan-post-grid-item-inner gyan-grid-item\">\n\n        <div class=\"gyan-post-grid-item-holder gyan-ease-transition\">\n\n            \n                <div class=\"gyan-post-image\">\n                    <div class=\"gyan-post-grid-format\"><a href=\"https:\/\/dgpe.gouv.ci\/fr\/mpeep-journee-internationale-des-droits-de-la-femme-jif-2026-le-leadership-feminin-au-coeur-du-developpement-duplicate-1\/\" class=\"gyan-post-grid-image gyan-post-grid-image-effect-zoom\"><img decoding=\"async\" class=\"gyan-ease-transition\" src=\"https:\/\/dgpe.gouv.ci\/fr\/wp-content\/uploads\/2026\/04\/WhatsApp-Image-2026-04-21-at-18.37.07-670x670.jpeg\" alt=\"\" \/><\/a>                    <\/div>\n                <\/div>\n\n            \n            <div class=\"gyan-post-content-block gyan-ease-transition\">\n                <div class=\"gyan-post-title-section\">\n                    <div class=\"gyan-post-grid-metas gyan-ease-transition gyan-post-grid-separator-none \"><span class=\"gyan-grid-metas-item\"><span class=\"gyan-postmetas-icon\"><i class=\"fas fa-clock\"><\/i><\/span><span class=\"gyan-postmeta-text\">Avr 13, 2026<\/span><\/span><span class=\"gyan-grid-metas-item\"><span class=\"gyan-love \" data-id=\"16893\"><i class=\"fas fa-heart fas-regular\"><\/i><i class=\"fas fa-heart\"><\/i><span class=\"gyan-like-number\">24<\/span><\/span> Likes<\/span><span class=\"gyan-grid-metas-item\"><span class=\"gyan-postmetas-icon\"><i class=\"fas fa-eye\"><\/i><\/span><span class=\"gyan-postmeta-text\">587 Vues<\/span><\/span><\/div>\n    <div class=\"clear\"><\/div>                        <div class=\"gyan-post-grid-content\">\n\n                            \n                            <div class=\"gyan-post-title\">\n                                <h2><a href=\"https:\/\/dgpe.gouv.ci\/fr\/mpeep-journee-internationale-des-droits-de-la-femme-jif-2026-le-leadership-feminin-au-coeur-du-developpement-duplicate-1\/\" >MPEEP: JOURNEE INTERNATIONALE DES DROITS DE LA FEMME (JIF 2026)\/  \u00ab Le leadership                                <\/a><\/h2>\n                            <\/div>\n\n                            \n                            \n                                <div class=\"gyan-post-list-excerpt\">\n                                    Sous la Pr\u00e9sidence de Madame la Ministre du Portefeuille de l\u2019\u00c9tat et des Entreprises                                <\/div>\n\n                            \n                            <div class=\"clear\"><\/div>\n\n                        <\/div>\n                        <div class=\"gyan-post-grid-button-wrap\"><div class=\"gyan-post-grid-button-holder\"><a href=\"https:\/\/dgpe.gouv.ci\/fr\/mpeep-journee-internationale-des-droits-de-la-femme-jif-2026-le-leadership-feminin-au-coeur-du-developpement-duplicate-1\/\" class=\"gyan-post-grid-button gyan-ease-transition gyan-flex\"><span class=\"gyan-post-grid-button-icon gyan-icon\"><i aria-hidden=\"true\" class=\"fas fa-angle-right\"><\/i><\/span><\/a><\/div><\/div>\n                                                <div class=\"clear\"><\/div>\n                <\/div>\n                <div class=\"clear\"><\/div>\n            <\/div>\n            <div class=\"clear\"><\/div>\n        <\/div><div class=\"clear\"><\/div>\n\n    <\/div> <!-- gyan-post-grid-item-inner --><div class=\"clear\"><\/div>\n<\/div> <!-- gyan-post-grid-item -->\n\n<div class=\"clear\"><\/div>\n<div class=\"gyan-post-grid-item gyan-grid-item-wrap cat-181 cat-24\">\n    <div class=\"gyan-post-grid-item-inner gyan-grid-item\">\n\n        <div class=\"gyan-post-grid-item-holder gyan-ease-transition\">\n\n            \n                <div class=\"gyan-post-image\">\n                    <div class=\"gyan-post-grid-format\"><a href=\"https:\/\/dgpe.gouv.ci\/fr\/strategie-2026-2030-de-la-direction-generale-du-portefeuille-de-letat\/\" class=\"gyan-post-grid-image gyan-post-grid-image-effect-zoom\"><img decoding=\"async\" class=\"gyan-ease-transition\" src=\"https:\/\/dgpe.gouv.ci\/fr\/wp-content\/uploads\/2026\/03\/photo-famille-002-670x670.jpg\" alt=\"\" \/><\/a>                    <\/div>\n                <\/div>\n\n            \n            <div class=\"gyan-post-content-block gyan-ease-transition\">\n                <div class=\"gyan-post-title-section\">\n                    <div class=\"gyan-post-grid-metas gyan-ease-transition gyan-post-grid-separator-none \"><span class=\"gyan-grid-metas-item\"><span class=\"gyan-postmetas-icon\"><i class=\"fas fa-clock\"><\/i><\/span><span class=\"gyan-postmeta-text\">Mar 2, 2026<\/span><\/span><span class=\"gyan-grid-metas-item\"><span class=\"gyan-love \" data-id=\"16811\"><i class=\"fas fa-heart fas-regular\"><\/i><i class=\"fas fa-heart\"><\/i><span class=\"gyan-like-number\">25<\/span><\/span> Likes<\/span><span class=\"gyan-grid-metas-item\"><span class=\"gyan-postmetas-icon\"><i class=\"fas fa-eye\"><\/i><\/span><span class=\"gyan-postmeta-text\">583 Vues<\/span><\/span><\/div>\n    <div class=\"clear\"><\/div>                        <div class=\"gyan-post-grid-content\">\n\n                            \n                            <div class=\"gyan-post-title\">\n                                <h2><a href=\"https:\/\/dgpe.gouv.ci\/fr\/strategie-2026-2030-de-la-direction-generale-du-portefeuille-de-letat\/\" >STRATEGIE 2026-2030 DE LA DIRECTION GENERALE DU PORTEFEUILLE DE L\u2019\u00c9TAT: Pr\u00e9sentation                                <\/a><\/h2>\n                            <\/div>\n\n                            \n                            \n                                <div class=\"gyan-post-list-excerpt\">\n                                    Ce lundi 02 mars 2026 au sein de la Direction G\u00e9n\u00e9rale du Portefeuille de l\u2019Etat, sise au                                <\/div>\n\n                            \n                            <div class=\"clear\"><\/div>\n\n                        <\/div>\n                        <div class=\"gyan-post-grid-button-wrap\"><div class=\"gyan-post-grid-button-holder\"><a href=\"https:\/\/dgpe.gouv.ci\/fr\/strategie-2026-2030-de-la-direction-generale-du-portefeuille-de-letat\/\" class=\"gyan-post-grid-button gyan-ease-transition gyan-flex\"><span class=\"gyan-post-grid-button-icon gyan-icon\"><i aria-hidden=\"true\" class=\"fas fa-angle-right\"><\/i><\/span><\/a><\/div><\/div>\n                                                <div class=\"clear\"><\/div>\n                <\/div>\n                <div class=\"clear\"><\/div>\n            <\/div>\n            <div class=\"clear\"><\/div>\n        <\/div><div class=\"clear\"><\/div>\n\n    <\/div> <!-- gyan-post-grid-item-inner --><div class=\"clear\"><\/div>\n<\/div> <!-- gyan-post-grid-item -->\n\n<div class=\"clear\"><\/div>\n<div class=\"gyan-post-grid-item gyan-grid-item-wrap cat-181 cat-24\">\n    <div class=\"gyan-post-grid-item-inner gyan-grid-item\">\n\n        <div class=\"gyan-post-grid-item-holder gyan-ease-transition\">\n\n            \n                <div class=\"gyan-post-image\">\n                    <div class=\"gyan-post-grid-format\"><a href=\"https:\/\/dgpe.gouv.ci\/fr\/bilan-2025-strategie-2026-2030-et-perspectives-sur-la-gestion-du-portefeuille-de-letat-le-professeur-mariatou-kone-fixe-ses-objectifs-pour-2026\/\" class=\"gyan-post-grid-image gyan-post-grid-image-effect-zoom\"><img decoding=\"async\" class=\"gyan-ease-transition\" src=\"https:\/\/dgpe.gouv.ci\/fr\/wp-content\/uploads\/2026\/02\/Photo-de-famille-seminaire-bilan-670x670.jpg\" alt=\"\" \/><\/a>                    <\/div>\n                <\/div>\n\n            \n            <div class=\"gyan-post-content-block gyan-ease-transition\">\n                <div class=\"gyan-post-title-section\">\n                    <div class=\"gyan-post-grid-metas gyan-ease-transition gyan-post-grid-separator-none \"><span class=\"gyan-grid-metas-item\"><span class=\"gyan-postmetas-icon\"><i class=\"fas fa-clock\"><\/i><\/span><span class=\"gyan-postmeta-text\">F\u00e9v 27, 2026<\/span><\/span><span class=\"gyan-grid-metas-item\"><span class=\"gyan-love \" data-id=\"16794\"><i class=\"fas fa-heart fas-regular\"><\/i><i class=\"fas fa-heart\"><\/i><span class=\"gyan-like-number\">23<\/span><\/span> Likes<\/span><span class=\"gyan-grid-metas-item\"><span class=\"gyan-postmetas-icon\"><i class=\"fas fa-eye\"><\/i><\/span><span class=\"gyan-postmeta-text\">578 Vues<\/span><\/span><\/div>\n    <div class=\"clear\"><\/div>                        <div class=\"gyan-post-grid-content\">\n\n                            \n                            <div class=\"gyan-post-title\">\n                                <h2><a href=\"https:\/\/dgpe.gouv.ci\/fr\/bilan-2025-strategie-2026-2030-et-perspectives-sur-la-gestion-du-portefeuille-de-letat-le-professeur-mariatou-kone-fixe-ses-objectifs-pour-2026\/\" >\u00ab BILAN 2025, STRATEGIE 2026-2030 ET PERSPECTIVES SUR LA GESTION DU PORTEFEUILLE DE                                <\/a><\/h2>\n                            <\/div>\n\n                            \n                            \n                                <div class=\"gyan-post-list-excerpt\">\n                                    La Direction G\u00e9n\u00e9rale du Portefeuille de l\u2019\u00c9tat et des Entreprises Publiques a organis\u00e9,                                <\/div>\n\n                            \n                            <div class=\"clear\"><\/div>\n\n                        <\/div>\n                        <div class=\"gyan-post-grid-button-wrap\"><div class=\"gyan-post-grid-button-holder\"><a href=\"https:\/\/dgpe.gouv.ci\/fr\/bilan-2025-strategie-2026-2030-et-perspectives-sur-la-gestion-du-portefeuille-de-letat-le-professeur-mariatou-kone-fixe-ses-objectifs-pour-2026\/\" class=\"gyan-post-grid-button gyan-ease-transition gyan-flex\"><span class=\"gyan-post-grid-button-icon gyan-icon\"><i aria-hidden=\"true\" class=\"fas fa-angle-right\"><\/i><\/span><\/a><\/div><\/div>\n                                                <div class=\"clear\"><\/div>\n                <\/div>\n                <div class=\"clear\"><\/div>\n            <\/div>\n            <div class=\"clear\"><\/div>\n        <\/div><div class=\"clear\"><\/div>\n\n    <\/div> <!-- gyan-post-grid-item-inner --><div class=\"clear\"><\/div>\n<\/div> <!-- gyan-post-grid-item -->\n\n<div class=\"clear\"><\/div>\n<div class=\"gyan-post-grid-item gyan-grid-item-wrap cat-181 cat-24\">\n    <div class=\"gyan-post-grid-item-inner gyan-grid-item\">\n\n        <div class=\"gyan-post-grid-item-holder gyan-ease-transition\">\n\n            \n                <div class=\"gyan-post-image\">\n                    <div class=\"gyan-post-grid-format\"><a href=\"https:\/\/dgpe.gouv.ci\/fr\/visite-du-ministre-moussa-sanogo-aux-agents-de-la-dgpe-apres-sa-nomination\/\" class=\"gyan-post-grid-image gyan-post-grid-image-effect-zoom\"><img decoding=\"async\" class=\"gyan-ease-transition\" src=\"https:\/\/dgpe.gouv.ci\/fr\/wp-content\/uploads\/2026\/01\/IMG-20260126-WA0112-670x670.jpg\" alt=\"\" \/><\/a>                    <\/div>\n                <\/div>\n\n            \n            <div class=\"gyan-post-content-block gyan-ease-transition\">\n                <div class=\"gyan-post-title-section\">\n                    <div class=\"gyan-post-grid-metas gyan-ease-transition gyan-post-grid-separator-none \"><span class=\"gyan-grid-metas-item\"><span class=\"gyan-postmetas-icon\"><i class=\"fas fa-clock\"><\/i><\/span><span class=\"gyan-postmeta-text\">Jan 29, 2026<\/span><\/span><span class=\"gyan-grid-metas-item\"><span class=\"gyan-love \" data-id=\"16600\"><i class=\"fas fa-heart fas-regular\"><\/i><i class=\"fas fa-heart\"><\/i><span class=\"gyan-like-number\">23<\/span><\/span> Likes<\/span><span class=\"gyan-grid-metas-item\"><span class=\"gyan-postmetas-icon\"><i class=\"fas fa-eye\"><\/i><\/span><span class=\"gyan-postmeta-text\">573 Vues<\/span><\/span><\/div>\n    <div class=\"clear\"><\/div>                        <div class=\"gyan-post-grid-content\">\n\n                            \n                            <div class=\"gyan-post-title\">\n                                <h2><a href=\"https:\/\/dgpe.gouv.ci\/fr\/visite-du-ministre-moussa-sanogo-aux-agents-de-la-dgpe-apres-sa-nomination\/\" >Visite du Ministre Moussa SANOGO aux agents de la DGPE apr\u00e8s sa nomination                                <\/a><\/h2>\n                            <\/div>\n\n                            \n                            \n                                <div class=\"gyan-post-list-excerpt\">\n                                    \u00c0 la suite de sa nouvelle nomination en qualit\u00e9 de ministre de l\u2019urbanisme, du logement et                                <\/div>\n\n                            \n                            <div class=\"clear\"><\/div>\n\n                        <\/div>\n                        <div class=\"gyan-post-grid-button-wrap\"><div class=\"gyan-post-grid-button-holder\"><a href=\"https:\/\/dgpe.gouv.ci\/fr\/visite-du-ministre-moussa-sanogo-aux-agents-de-la-dgpe-apres-sa-nomination\/\" class=\"gyan-post-grid-button gyan-ease-transition gyan-flex\"><span class=\"gyan-post-grid-button-icon gyan-icon\"><i aria-hidden=\"true\" class=\"fas fa-angle-right\"><\/i><\/span><\/a><\/div><\/div>\n                                                <div class=\"clear\"><\/div>\n                <\/div>\n                <div class=\"clear\"><\/div>\n            <\/div>\n            <div class=\"clear\"><\/div>\n        <\/div><div class=\"clear\"><\/div>\n\n    <\/div> <!-- gyan-post-grid-item-inner --><div class=\"clear\"><\/div>\n<\/div> <!-- gyan-post-grid-item -->\n\n<div class=\"clear\"><\/div>\n<div class=\"gyan-post-grid-item gyan-grid-item-wrap cat-181 cat-24\">\n    <div class=\"gyan-post-grid-item-inner gyan-grid-item\">\n\n        <div class=\"gyan-post-grid-item-holder gyan-ease-transition\">\n\n            \n                <div class=\"gyan-post-image\">\n                    <div class=\"gyan-post-grid-format\"><a href=\"https:\/\/dgpe.gouv.ci\/fr\/voeux-de-nouvel-an-le-directeur-general-du-portefeuille-de-letat-rend-visite-a-ses-agents-et-leur-souhaite-ses-meilleurs-voeux\/\" class=\"gyan-post-grid-image gyan-post-grid-image-effect-zoom\"><img decoding=\"async\" class=\"gyan-ease-transition\" src=\"https:\/\/dgpe.gouv.ci\/fr\/wp-content\/uploads\/2026\/01\/Nouvel-an-2026-670x621.jpg\" alt=\"\" \/><\/a>                    <\/div>\n                <\/div>\n\n            \n            <div class=\"gyan-post-content-block gyan-ease-transition\">\n                <div class=\"gyan-post-title-section\">\n                    <div class=\"gyan-post-grid-metas gyan-ease-transition gyan-post-grid-separator-none \"><span class=\"gyan-grid-metas-item\"><span class=\"gyan-postmetas-icon\"><i class=\"fas fa-clock\"><\/i><\/span><span class=\"gyan-postmeta-text\">Jan 21, 2026<\/span><\/span><span class=\"gyan-grid-metas-item\"><span class=\"gyan-love \" data-id=\"16585\"><i class=\"fas fa-heart fas-regular\"><\/i><i class=\"fas fa-heart\"><\/i><span class=\"gyan-like-number\">21<\/span><\/span> Likes<\/span><span class=\"gyan-grid-metas-item\"><span class=\"gyan-postmetas-icon\"><i class=\"fas fa-eye\"><\/i><\/span><span class=\"gyan-postmeta-text\">541 Vues<\/span><\/span><\/div>\n    <div class=\"clear\"><\/div>                        <div class=\"gyan-post-grid-content\">\n\n                            \n                            <div class=\"gyan-post-title\">\n                                <h2><a href=\"https:\/\/dgpe.gouv.ci\/fr\/voeux-de-nouvel-an-le-directeur-general-du-portefeuille-de-letat-rend-visite-a-ses-agents-et-leur-souhaite-ses-meilleurs-voeux\/\" >V\u0152UX DE NOUVEL AN  Le Directeur G\u00e9n\u00e9ral du Portefeuille de l\u2019Etat rend visite \u00e0 ses                                <\/a><\/h2>\n                            <\/div>\n\n                            \n                            \n                                <div class=\"gyan-post-list-excerpt\">\n                                    Le Directeur G\u00e9n\u00e9ral du Portefeuille de l\u2019Etat, Monsieur BAMBA Seydou, a souhait\u00e9, le lundi                                <\/div>\n\n                            \n                            <div class=\"clear\"><\/div>\n\n                        <\/div>\n                        <div class=\"gyan-post-grid-button-wrap\"><div class=\"gyan-post-grid-button-holder\"><a href=\"https:\/\/dgpe.gouv.ci\/fr\/voeux-de-nouvel-an-le-directeur-general-du-portefeuille-de-letat-rend-visite-a-ses-agents-et-leur-souhaite-ses-meilleurs-voeux\/\" class=\"gyan-post-grid-button gyan-ease-transition gyan-flex\"><span class=\"gyan-post-grid-button-icon gyan-icon\"><i aria-hidden=\"true\" class=\"fas fa-angle-right\"><\/i><\/span><\/a><\/div><\/div>\n                                                <div class=\"clear\"><\/div>\n                <\/div>\n                <div class=\"clear\"><\/div>\n            <\/div>\n            <div class=\"clear\"><\/div>\n        <\/div><div class=\"clear\"><\/div>\n\n    <\/div> <!-- gyan-post-grid-item-inner --><div class=\"clear\"><\/div>\n<\/div> <!-- gyan-post-grid-item -->\n\n<div class=\"clear\"><\/div>\n<div class=\"gyan-post-grid-item gyan-grid-item-wrap cat-164 cat-24\">\n    <div class=\"gyan-post-grid-item-inner gyan-grid-item\">\n\n        <div class=\"gyan-post-grid-item-holder gyan-ease-transition\">\n\n            \n                <div class=\"gyan-post-image\">\n                    <div class=\"gyan-post-grid-format\"><a href=\"https:\/\/dgpe.gouv.ci\/fr\/apres-le-gabon-la-direction-generale-du-portefeuille-de-letat-recoit-la-direction-generale-du-portefeuille-public-de-la-republique-democratique-du-congo\/\" class=\"gyan-post-grid-image gyan-post-grid-image-effect-zoom\"><img decoding=\"async\" class=\"gyan-ease-transition\" src=\"https:\/\/dgpe.gouv.ci\/fr\/wp-content\/uploads\/2025\/12\/rdc-dgpe-670x670.jpg\" alt=\"\" \/><\/a>                    <\/div>\n                <\/div>\n\n            \n            <div class=\"gyan-post-content-block gyan-ease-transition\">\n                <div class=\"gyan-post-title-section\">\n                    <div class=\"gyan-post-grid-metas gyan-ease-transition gyan-post-grid-separator-none \"><span class=\"gyan-grid-metas-item\"><span class=\"gyan-postmetas-icon\"><i class=\"fas fa-clock\"><\/i><\/span><span class=\"gyan-postmeta-text\">D\u00e9c 6, 2025<\/span><\/span><span class=\"gyan-grid-metas-item\"><span class=\"gyan-love \" data-id=\"16267\"><i class=\"fas fa-heart fas-regular\"><\/i><i class=\"fas fa-heart\"><\/i><span class=\"gyan-like-number\">20<\/span><\/span> Likes<\/span><span class=\"gyan-grid-metas-item\"><span class=\"gyan-postmetas-icon\"><i class=\"fas fa-eye\"><\/i><\/span><span class=\"gyan-postmeta-text\">539 Vues<\/span><\/span><\/div>\n    <div class=\"clear\"><\/div>                        <div class=\"gyan-post-grid-content\">\n\n                            \n                            <div class=\"gyan-post-title\">\n                                <h2><a href=\"https:\/\/dgpe.gouv.ci\/fr\/apres-le-gabon-la-direction-generale-du-portefeuille-de-letat-recoit-la-direction-generale-du-portefeuille-public-de-la-republique-democratique-du-congo\/\" >LA DIRECTION GENERALE DU PORTEFEUILLE PUBLIC DE LA R\u00c9PUBLIQUE D\u00c9MOCRATIQUE DU CONGO                                <\/a><\/h2>\n                            <\/div>\n\n                            \n                            \n                                <div class=\"gyan-post-list-excerpt\">\n                                    Le Directeur G\u00e9n\u00e9ral du Portefeuille de l\u2019Etat monsieur BAMBA Seydou (DGPE) a re\u00e7u, ce                                <\/div>\n\n                            \n                            <div class=\"clear\"><\/div>\n\n                        <\/div>\n                        <div class=\"gyan-post-grid-button-wrap\"><div class=\"gyan-post-grid-button-holder\"><a href=\"https:\/\/dgpe.gouv.ci\/fr\/apres-le-gabon-la-direction-generale-du-portefeuille-de-letat-recoit-la-direction-generale-du-portefeuille-public-de-la-republique-democratique-du-congo\/\" class=\"gyan-post-grid-button gyan-ease-transition gyan-flex\"><span class=\"gyan-post-grid-button-icon gyan-icon\"><i aria-hidden=\"true\" class=\"fas fa-angle-right\"><\/i><\/span><\/a><\/div><\/div>\n                                                <div class=\"clear\"><\/div>\n                <\/div>\n                <div class=\"clear\"><\/div>\n            <\/div>\n            <div class=\"clear\"><\/div>\n        <\/div><div class=\"clear\"><\/div>\n\n    <\/div> <!-- gyan-post-grid-item-inner --><div class=\"clear\"><\/div>\n<\/div> <!-- gyan-post-grid-item -->\n\n<div class=\"clear\"><\/div>\n<div class=\"gyan-post-grid-item gyan-grid-item-wrap cat-164 cat-24\">\n    <div class=\"gyan-post-grid-item-inner gyan-grid-item\">\n\n        <div class=\"gyan-post-grid-item-holder gyan-ease-transition\">\n\n            \n                <div class=\"gyan-post-image\">\n                    <div class=\"gyan-post-grid-format\"><a href=\"https:\/\/dgpe.gouv.ci\/fr\/la-direction-generale-du-portefeuille-de-letat-presente-les-conditions-dacquisition-des-biens-et-services-des-entreprises-publiques-et-agences-dexecution-et-propose-des-pers\/\" class=\"gyan-post-grid-image gyan-post-grid-image-effect-zoom\"><img decoding=\"async\" class=\"gyan-ease-transition\" src=\"https:\/\/dgpe.gouv.ci\/fr\/wp-content\/uploads\/2025\/12\/Marches-publique-DGPE-670x670.jpg\" alt=\"\" \/><\/a>                    <\/div>\n                <\/div>\n\n            \n            <div class=\"gyan-post-content-block gyan-ease-transition\">\n                <div class=\"gyan-post-title-section\">\n                    <div class=\"gyan-post-grid-metas gyan-ease-transition gyan-post-grid-separator-none \"><span class=\"gyan-grid-metas-item\"><span class=\"gyan-postmetas-icon\"><i class=\"fas fa-clock\"><\/i><\/span><span class=\"gyan-postmeta-text\">D\u00e9c 6, 2025<\/span><\/span><span class=\"gyan-grid-metas-item\"><span class=\"gyan-love \" data-id=\"16261\"><i class=\"fas fa-heart fas-regular\"><\/i><i class=\"fas fa-heart\"><\/i><span class=\"gyan-like-number\">19<\/span><\/span> Likes<\/span><span class=\"gyan-grid-metas-item\"><span class=\"gyan-postmetas-icon\"><i class=\"fas fa-eye\"><\/i><\/span><span class=\"gyan-postmeta-text\">526 Vues<\/span><\/span><\/div>\n    <div class=\"clear\"><\/div>                        <div class=\"gyan-post-grid-content\">\n\n                            \n                            <div class=\"gyan-post-title\">\n                                <h2><a href=\"https:\/\/dgpe.gouv.ci\/fr\/la-direction-generale-du-portefeuille-de-letat-presente-les-conditions-dacquisition-des-biens-et-services-des-entreprises-publiques-et-agences-dexecution-et-propose-des-pers\/\" >LA DIRECTION GENERALE DU PORTEFEUILLE DE L\u2019ETAT PRESENTE LES CONDITIONS D\u2019ACQUISITION                                <\/a><\/h2>\n                            <\/div>\n\n                            \n                            \n                                <div class=\"gyan-post-list-excerpt\">\n                                    Le Minist\u00e8re du Patrimoine, du Portefeuille de l\u2019Etat et des Entreprises Publiques (MPPEEP) a                                <\/div>\n\n                            \n                            <div class=\"clear\"><\/div>\n\n                        <\/div>\n                        <div class=\"gyan-post-grid-button-wrap\"><div class=\"gyan-post-grid-button-holder\"><a href=\"https:\/\/dgpe.gouv.ci\/fr\/la-direction-generale-du-portefeuille-de-letat-presente-les-conditions-dacquisition-des-biens-et-services-des-entreprises-publiques-et-agences-dexecution-et-propose-des-pers\/\" class=\"gyan-post-grid-button gyan-ease-transition gyan-flex\"><span class=\"gyan-post-grid-button-icon gyan-icon\"><i aria-hidden=\"true\" class=\"fas fa-angle-right\"><\/i><\/span><\/a><\/div><\/div>\n                                                <div class=\"clear\"><\/div>\n                <\/div>\n                <div class=\"clear\"><\/div>\n            <\/div>\n            <div class=\"clear\"><\/div>\n        <\/div><div class=\"clear\"><\/div>\n\n    <\/div> <!-- gyan-post-grid-item-inner --><div class=\"clear\"><\/div>\n<\/div> <!-- gyan-post-grid-item -->\n\n<div class=\"clear\"><\/div>\n<div class=\"gyan-post-grid-item gyan-grid-item-wrap cat-164 cat-24\">\n    <div class=\"gyan-post-grid-item-inner gyan-grid-item\">\n\n        <div class=\"gyan-post-grid-item-holder gyan-ease-transition\">\n\n            \n                <div class=\"gyan-post-image\">\n                    <div class=\"gyan-post-grid-format\"><a href=\"https:\/\/dgpe.gouv.ci\/fr\/ceremonie-de-remise-du-prix-national-dexcellence-aux-laureats-classes-2eme-et-3eme-du-ministere-du-patrimoine-du-portefeuille-de-letat-et-des-entreprises-publiques-mppeep\/\" class=\"gyan-post-grid-image gyan-post-grid-image-effect-zoom\"><img decoding=\"async\" class=\"gyan-ease-transition\" src=\"https:\/\/dgpe.gouv.ci\/fr\/wp-content\/uploads\/2025\/10\/casp3-670x670.jpg\" alt=\"\" \/><\/a>                    <\/div>\n                <\/div>\n\n            \n            <div class=\"gyan-post-content-block gyan-ease-transition\">\n                <div class=\"gyan-post-title-section\">\n                    <div class=\"gyan-post-grid-metas gyan-ease-transition gyan-post-grid-separator-none \"><span class=\"gyan-grid-metas-item\"><span class=\"gyan-postmetas-icon\"><i class=\"fas fa-clock\"><\/i><\/span><span class=\"gyan-postmeta-text\">Oct 8, 2025<\/span><\/span><span class=\"gyan-grid-metas-item\"><span class=\"gyan-love \" data-id=\"16030\"><i class=\"fas fa-heart fas-regular\"><\/i><i class=\"fas fa-heart\"><\/i><span class=\"gyan-like-number\">20<\/span><\/span> Likes<\/span><span class=\"gyan-grid-metas-item\"><span class=\"gyan-postmetas-icon\"><i class=\"fas fa-eye\"><\/i><\/span><span class=\"gyan-postmeta-text\">492 Vues<\/span><\/span><\/div>\n    <div class=\"clear\"><\/div>                        <div class=\"gyan-post-grid-content\">\n\n                            \n                            <div class=\"gyan-post-title\">\n                                <h2><a href=\"https:\/\/dgpe.gouv.ci\/fr\/ceremonie-de-remise-du-prix-national-dexcellence-aux-laureats-classes-2eme-et-3eme-du-ministere-du-patrimoine-du-portefeuille-de-letat-et-des-entreprises-publiques-mppeep\/\" >C\u00e9r\u00e9monie de remise du Prix National d\u2019Excellence aux Laur\u00e9ats class\u00e9s 2\u00e8me et                                <\/a><\/h2>\n                            <\/div>\n\n                            \n                            \n                                <div class=\"gyan-post-list-excerpt\">\n                                    Il s\u2019est tenu ce jeudi 25 septembre 2025, \u00e0 la salle des f\u00eates du 20\u00e8me\u00a0\u00a0 \u00a0\u00e9tage de                                <\/div>\n\n                            \n                            <div class=\"clear\"><\/div>\n\n                        <\/div>\n                        <div class=\"gyan-post-grid-button-wrap\"><div class=\"gyan-post-grid-button-holder\"><a href=\"https:\/\/dgpe.gouv.ci\/fr\/ceremonie-de-remise-du-prix-national-dexcellence-aux-laureats-classes-2eme-et-3eme-du-ministere-du-patrimoine-du-portefeuille-de-letat-et-des-entreprises-publiques-mppeep\/\" class=\"gyan-post-grid-button gyan-ease-transition gyan-flex\"><span class=\"gyan-post-grid-button-icon gyan-icon\"><i aria-hidden=\"true\" class=\"fas fa-angle-right\"><\/i><\/span><\/a><\/div><\/div>\n                                                <div class=\"clear\"><\/div>\n                <\/div>\n                <div class=\"clear\"><\/div>\n            <\/div>\n            <div class=\"clear\"><\/div>\n        <\/div><div class=\"clear\"><\/div>\n\n    <\/div> <!-- gyan-post-grid-item-inner --><div class=\"clear\"><\/div>\n<\/div> <!-- gyan-post-grid-item -->\n\n<div class=\"clear\"><\/div>\n<div class=\"gyan-post-grid-item gyan-grid-item-wrap cat-164 cat-24\">\n    <div class=\"gyan-post-grid-item-inner gyan-grid-item\">\n\n        <div class=\"gyan-post-grid-item-holder gyan-ease-transition\">\n\n            \n                <div class=\"gyan-post-image\">\n                    <div class=\"gyan-post-grid-format\"><a href=\"https:\/\/dgpe.gouv.ci\/fr\/la-12eme-edition-du-prix-national-dexcellence-pne-2025-la-direction-generale-du-portefeuille-de-letat-rayonne-a-la-remise-du-prix-duplicate-1\/\" class=\"gyan-post-grid-image gyan-post-grid-image-effect-zoom\"><img decoding=\"async\" class=\"gyan-ease-transition\" src=\"https:\/\/dgpe.gouv.ci\/fr\/wp-content\/uploads\/2025\/09\/prix-gouv-670x670.jpg\" alt=\"\" \/><\/a>                    <\/div>\n                <\/div>\n\n            \n            <div class=\"gyan-post-content-block gyan-ease-transition\">\n                <div class=\"gyan-post-title-section\">\n                    <div class=\"gyan-post-grid-metas gyan-ease-transition gyan-post-grid-separator-none \"><span class=\"gyan-grid-metas-item\"><span class=\"gyan-postmetas-icon\"><i class=\"fas fa-clock\"><\/i><\/span><span class=\"gyan-postmeta-text\">Sep 17, 2025<\/span><\/span><span class=\"gyan-grid-metas-item\"><span class=\"gyan-love \" data-id=\"15936\"><i class=\"fas fa-heart fas-regular\"><\/i><i class=\"fas fa-heart\"><\/i><span class=\"gyan-like-number\">18<\/span><\/span> Likes<\/span><span class=\"gyan-grid-metas-item\"><span class=\"gyan-postmetas-icon\"><i class=\"fas fa-eye\"><\/i><\/span><span class=\"gyan-postmeta-text\">378 Vues<\/span><\/span><\/div>\n    <div class=\"clear\"><\/div>                        <div class=\"gyan-post-grid-content\">\n\n                            \n                            <div class=\"gyan-post-title\">\n                                <h2><a href=\"https:\/\/dgpe.gouv.ci\/fr\/la-12eme-edition-du-prix-national-dexcellence-pne-2025-la-direction-generale-du-portefeuille-de-letat-rayonne-a-la-remise-du-prix-duplicate-1\/\" >DINER GALA DE LA 7\u00e8me EDITION DU \u00ab PRIX D\u2019EXCELLENCE DE LA GOUVERNANCE ET DE LA                                <\/a><\/h2>\n                            <\/div>\n\n                            \n                            \n                                <div class=\"gyan-post-list-excerpt\">\n                                    Le Minist\u00e8re du Patrimoine, du Portefeuille de l&rsquo;\u00c9tat et des Entreprises Publiques                                <\/div>\n\n                            \n                            <div class=\"clear\"><\/div>\n\n                        <\/div>\n                        <div class=\"gyan-post-grid-button-wrap\"><div class=\"gyan-post-grid-button-holder\"><a href=\"https:\/\/dgpe.gouv.ci\/fr\/la-12eme-edition-du-prix-national-dexcellence-pne-2025-la-direction-generale-du-portefeuille-de-letat-rayonne-a-la-remise-du-prix-duplicate-1\/\" class=\"gyan-post-grid-button gyan-ease-transition gyan-flex\"><span class=\"gyan-post-grid-button-icon gyan-icon\"><i aria-hidden=\"true\" class=\"fas fa-angle-right\"><\/i><\/span><\/a><\/div><\/div>\n                                                <div class=\"clear\"><\/div>\n                <\/div>\n                <div class=\"clear\"><\/div>\n            <\/div>\n            <div class=\"clear\"><\/div>\n        <\/div><div class=\"clear\"><\/div>\n\n    <\/div> <!-- gyan-post-grid-item-inner --><div class=\"clear\"><\/div>\n<\/div> <!-- gyan-post-grid-item -->\n\n<div class=\"clear\"><\/div>\n<div class=\"gyan-post-grid-item gyan-grid-item-wrap cat-164 cat-24\">\n    <div class=\"gyan-post-grid-item-inner gyan-grid-item\">\n\n        <div class=\"gyan-post-grid-item-holder gyan-ease-transition\">\n\n            \n                <div class=\"gyan-post-image\">\n                    <div class=\"gyan-post-grid-format\"><a href=\"https:\/\/dgpe.gouv.ci\/fr\/la-12eme-edition-du-prix-national-dexcellence-pne-2025-la-direction-generale-du-portefeuille-de-letat-rayonne-a-la-remise-du-prix\/\" class=\"gyan-post-grid-image gyan-post-grid-image-effect-zoom\"><img decoding=\"async\" class=\"gyan-ease-transition\" src=\"https:\/\/dgpe.gouv.ci\/fr\/wp-content\/uploads\/2025\/08\/pne-670x556.jpg\" alt=\"\" \/><\/a>                    <\/div>\n                <\/div>\n\n            \n            <div class=\"gyan-post-content-block gyan-ease-transition\">\n                <div class=\"gyan-post-title-section\">\n                    <div class=\"gyan-post-grid-metas gyan-ease-transition gyan-post-grid-separator-none \"><span class=\"gyan-grid-metas-item\"><span class=\"gyan-postmetas-icon\"><i class=\"fas fa-clock\"><\/i><\/span><span class=\"gyan-postmeta-text\">Ao\u00fbt 14, 2025<\/span><\/span><span class=\"gyan-grid-metas-item\"><span class=\"gyan-love \" data-id=\"15866\"><i class=\"fas fa-heart fas-regular\"><\/i><i class=\"fas fa-heart\"><\/i><span class=\"gyan-like-number\">15<\/span><\/span> Likes<\/span><span class=\"gyan-grid-metas-item\"><span class=\"gyan-postmetas-icon\"><i class=\"fas fa-eye\"><\/i><\/span><span class=\"gyan-postmeta-text\">310 Vues<\/span><\/span><\/div>\n    <div class=\"clear\"><\/div>                        <div class=\"gyan-post-grid-content\">\n\n                            \n                            <div class=\"gyan-post-title\">\n                                <h2><a href=\"https:\/\/dgpe.gouv.ci\/fr\/la-12eme-edition-du-prix-national-dexcellence-pne-2025-la-direction-generale-du-portefeuille-de-letat-rayonne-a-la-remise-du-prix\/\" >LA 12\u00e8me EDITION DU PRIX NATIONAL D\u2019EXCELLENCE (PNE 2025)  \u00ab La Direction G\u00e9n\u00e9rale                                <\/a><\/h2>\n                            <\/div>\n\n                            \n                            \n                                <div class=\"gyan-post-list-excerpt\">\n                                    La c\u00e9r\u00e9monie officielle de remise des troph\u00e9es aux laur\u00e9ats de la 12\u00e8me Edition du Prix                                <\/div>\n\n                            \n                            <div class=\"clear\"><\/div>\n\n                        <\/div>\n                        <div class=\"gyan-post-grid-button-wrap\"><div class=\"gyan-post-grid-button-holder\"><a href=\"https:\/\/dgpe.gouv.ci\/fr\/la-12eme-edition-du-prix-national-dexcellence-pne-2025-la-direction-generale-du-portefeuille-de-letat-rayonne-a-la-remise-du-prix\/\" class=\"gyan-post-grid-button gyan-ease-transition gyan-flex\"><span class=\"gyan-post-grid-button-icon gyan-icon\"><i aria-hidden=\"true\" class=\"fas fa-angle-right\"><\/i><\/span><\/a><\/div><\/div>\n                                                <div class=\"clear\"><\/div>\n                <\/div>\n                <div class=\"clear\"><\/div>\n            <\/div>\n            <div class=\"clear\"><\/div>\n        <\/div><div class=\"clear\"><\/div>\n\n    <\/div> <!-- gyan-post-grid-item-inner --><div class=\"clear\"><\/div>\n<\/div> <!-- gyan-post-grid-item -->\n\n<div class=\"clear\"><\/div>\n<div class=\"gyan-post-grid-item gyan-grid-item-wrap cat-164 cat-24\">\n    <div class=\"gyan-post-grid-item-inner gyan-grid-item\">\n\n        <div class=\"gyan-post-grid-item-holder gyan-ease-transition\">\n\n            \n                <div class=\"gyan-post-image\">\n                    <div class=\"gyan-post-grid-format\"><a href=\"https:\/\/dgpe.gouv.ci\/fr\/journee-internationale-de-lutte-contre-la-corruption-la-haute-autorite-pour-la-bonne-gouvernance-habg-sensibilise-les-entreprises-a-la-pratique-de-lethique-dans-la-gouvernance\/\" class=\"gyan-post-grid-image gyan-post-grid-image-effect-zoom\"><img decoding=\"async\" class=\"gyan-ease-transition\" src=\"https:\/\/dgpe.gouv.ci\/fr\/wp-content\/uploads\/2025\/07\/2025-07-28-a-00.52.52_afad91cc-670x670.jpg\" alt=\"\" \/><\/a>                    <\/div>\n                <\/div>\n\n            \n            <div class=\"gyan-post-content-block gyan-ease-transition\">\n                <div class=\"gyan-post-title-section\">\n                    <div class=\"gyan-post-grid-metas gyan-ease-transition gyan-post-grid-separator-none \"><span class=\"gyan-grid-metas-item\"><span class=\"gyan-postmetas-icon\"><i class=\"fas fa-clock\"><\/i><\/span><span class=\"gyan-postmeta-text\">Juil 28, 2025<\/span><\/span><span class=\"gyan-grid-metas-item\"><span class=\"gyan-love \" data-id=\"15696\"><i class=\"fas fa-heart fas-regular\"><\/i><i class=\"fas fa-heart\"><\/i><span class=\"gyan-like-number\">14<\/span><\/span> Likes<\/span><span class=\"gyan-grid-metas-item\"><span class=\"gyan-postmetas-icon\"><i class=\"fas fa-eye\"><\/i><\/span><span class=\"gyan-postmeta-text\">241 Vues<\/span><\/span><\/div>\n    <div class=\"clear\"><\/div>                        <div class=\"gyan-post-grid-content\">\n\n                            \n                            <div class=\"gyan-post-title\">\n                                <h2><a href=\"https:\/\/dgpe.gouv.ci\/fr\/journee-internationale-de-lutte-contre-la-corruption-la-haute-autorite-pour-la-bonne-gouvernance-habg-sensibilise-les-entreprises-a-la-pratique-de-lethique-dans-la-gouvernance\/\" >JOURNEE INTERNATIONALE DE LUTTE CONTRE LA CORRUPTION : La Haute Autorit\u00e9 pour la Bonne                                <\/a><\/h2>\n                            <\/div>\n\n                            \n                            \n                                <div class=\"gyan-post-list-excerpt\">\n                                    A l\u2019instar des Etats signataires de la convention de l\u2019Union Africaine sur la pr\u00e9vention et                                <\/div>\n\n                            \n                            <div class=\"clear\"><\/div>\n\n                        <\/div>\n                        <div class=\"gyan-post-grid-button-wrap\"><div class=\"gyan-post-grid-button-holder\"><a href=\"https:\/\/dgpe.gouv.ci\/fr\/journee-internationale-de-lutte-contre-la-corruption-la-haute-autorite-pour-la-bonne-gouvernance-habg-sensibilise-les-entreprises-a-la-pratique-de-lethique-dans-la-gouvernance\/\" class=\"gyan-post-grid-button gyan-ease-transition gyan-flex\"><span class=\"gyan-post-grid-button-icon gyan-icon\"><i aria-hidden=\"true\" class=\"fas fa-angle-right\"><\/i><\/span><\/a><\/div><\/div>\n                                                <div class=\"clear\"><\/div>\n                <\/div>\n                <div class=\"clear\"><\/div>\n            <\/div>\n            <div class=\"clear\"><\/div>\n        <\/div><div class=\"clear\"><\/div>\n\n    <\/div> <!-- gyan-post-grid-item-inner --><div class=\"clear\"><\/div>\n<\/div> <!-- gyan-post-grid-item -->\n\n<div class=\"clear\"><\/div>\n<div class=\"gyan-post-grid-item gyan-grid-item-wrap cat-164 cat-24\">\n    <div class=\"gyan-post-grid-item-inner gyan-grid-item\">\n\n        <div class=\"gyan-post-grid-item-holder gyan-ease-transition\">\n\n            \n                <div class=\"gyan-post-image\">\n                    <div class=\"gyan-post-grid-format\"><a href=\"https:\/\/dgpe.gouv.ci\/fr\/gouvernance-des-entreprises-publiques-les-administrateurs-de-la-troisieme-promotion-du-casp-recoivent-leur-certificat-de-fin-de-formation\/\" class=\"gyan-post-grid-image gyan-post-grid-image-effect-zoom\"><img decoding=\"async\" class=\"gyan-ease-transition\" src=\"https:\/\/dgpe.gouv.ci\/fr\/wp-content\/uploads\/2025\/07\/1000156871-1-670x667.jpg\" alt=\"\" \/><\/a>                    <\/div>\n                <\/div>\n\n            \n            <div class=\"gyan-post-content-block gyan-ease-transition\">\n                <div class=\"gyan-post-title-section\">\n                    <div class=\"gyan-post-grid-metas gyan-ease-transition gyan-post-grid-separator-none \"><span class=\"gyan-grid-metas-item\"><span class=\"gyan-postmetas-icon\"><i class=\"fas fa-clock\"><\/i><\/span><span class=\"gyan-postmeta-text\">Juil 21, 2025<\/span><\/span><span class=\"gyan-grid-metas-item\"><span class=\"gyan-love \" data-id=\"15690\"><i class=\"fas fa-heart fas-regular\"><\/i><i class=\"fas fa-heart\"><\/i><span class=\"gyan-like-number\">12<\/span><\/span> Likes<\/span><span class=\"gyan-grid-metas-item\"><span class=\"gyan-postmetas-icon\"><i class=\"fas fa-eye\"><\/i><\/span><span class=\"gyan-postmeta-text\">235 Vues<\/span><\/span><\/div>\n    <div class=\"clear\"><\/div>                        <div class=\"gyan-post-grid-content\">\n\n                            \n                            <div class=\"gyan-post-title\">\n                                <h2><a href=\"https:\/\/dgpe.gouv.ci\/fr\/gouvernance-des-entreprises-publiques-les-administrateurs-de-la-troisieme-promotion-du-casp-recoivent-leur-certificat-de-fin-de-formation\/\" >GOUVERNANCE DES ENTREPRISES PUBLIQUES : \u00ab LES ADMINISTRATEURS DE LA TROISIEME PROMOTION                                <\/a><\/h2>\n                            <\/div>\n\n                            \n                            \n                                <div class=\"gyan-post-list-excerpt\">\n                                    Dans le but de renforcer les capacit\u00e9s des administrateurs, en vue de leur permettre                                <\/div>\n\n                            \n                            <div class=\"clear\"><\/div>\n\n                        <\/div>\n                        <div class=\"gyan-post-grid-button-wrap\"><div class=\"gyan-post-grid-button-holder\"><a href=\"https:\/\/dgpe.gouv.ci\/fr\/gouvernance-des-entreprises-publiques-les-administrateurs-de-la-troisieme-promotion-du-casp-recoivent-leur-certificat-de-fin-de-formation\/\" class=\"gyan-post-grid-button gyan-ease-transition gyan-flex\"><span class=\"gyan-post-grid-button-icon gyan-icon\"><i aria-hidden=\"true\" class=\"fas fa-angle-right\"><\/i><\/span><\/a><\/div><\/div>\n                                                <div class=\"clear\"><\/div>\n                <\/div>\n                <div class=\"clear\"><\/div>\n            <\/div>\n            <div class=\"clear\"><\/div>\n        <\/div><div class=\"clear\"><\/div>\n\n    <\/div> <!-- gyan-post-grid-item-inner --><div class=\"clear\"><\/div>\n<\/div> <!-- gyan-post-grid-item -->\n\n<div class=\"clear\"><\/div>\n<div class=\"gyan-post-grid-item gyan-grid-item-wrap cat-164 cat-24\">\n    <div class=\"gyan-post-grid-item-inner gyan-grid-item\">\n\n        <div class=\"gyan-post-grid-item-holder gyan-ease-transition\">\n\n            \n                <div class=\"gyan-post-image\">\n                    <div class=\"gyan-post-grid-format\"><a href=\"https:\/\/dgpe.gouv.ci\/fr\/gouvernance-des-entreprises-publiques-face-aux-dirigeants-sociaux-le-ministre-moussa-sanogo-evalue-la-performance-des-entreprises-publiques-et-des-agences-dexecution\/\" class=\"gyan-post-grid-image gyan-post-grid-image-effect-zoom\"><img decoding=\"async\" class=\"gyan-ease-transition\" src=\"https:\/\/dgpe.gouv.ci\/fr\/wp-content\/uploads\/2025\/04\/Photo-Ministre-670x600.jpg\" alt=\"\" \/><\/a>                    <\/div>\n                <\/div>\n\n            \n            <div class=\"gyan-post-content-block gyan-ease-transition\">\n                <div class=\"gyan-post-title-section\">\n                    <div class=\"gyan-post-grid-metas gyan-ease-transition gyan-post-grid-separator-none \"><span class=\"gyan-grid-metas-item\"><span class=\"gyan-postmetas-icon\"><i class=\"fas fa-clock\"><\/i><\/span><span class=\"gyan-postmeta-text\">Avr 29, 2025<\/span><\/span><span class=\"gyan-grid-metas-item\"><span class=\"gyan-love \" data-id=\"15536\"><i class=\"fas fa-heart fas-regular\"><\/i><i class=\"fas fa-heart\"><\/i><span class=\"gyan-like-number\">12<\/span><\/span> Likes<\/span><span class=\"gyan-grid-metas-item\"><span class=\"gyan-postmetas-icon\"><i class=\"fas fa-eye\"><\/i><\/span><span class=\"gyan-postmeta-text\">242 Vues<\/span><\/span><\/div>\n    <div class=\"clear\"><\/div>                        <div class=\"gyan-post-grid-content\">\n\n                            \n                            <div class=\"gyan-post-title\">\n                                <h2><a href=\"https:\/\/dgpe.gouv.ci\/fr\/gouvernance-des-entreprises-publiques-face-aux-dirigeants-sociaux-le-ministre-moussa-sanogo-evalue-la-performance-des-entreprises-publiques-et-des-agences-dexecution\/\" >GOUVERNANCE DES ENTREPRISES PUBLIQUES  \u00ab Face aux dirigeants sociaux, le Ministre Moussa                                <\/a><\/h2>\n                            <\/div>\n\n                            \n                            \n                                <div class=\"gyan-post-list-excerpt\">\n                                    Dans le cadre de l\u2019am\u00e9lioration de la gouvernance et de la performance des entreprises du                                <\/div>\n\n                            \n                            <div class=\"clear\"><\/div>\n\n                        <\/div>\n                        <div class=\"gyan-post-grid-button-wrap\"><div class=\"gyan-post-grid-button-holder\"><a href=\"https:\/\/dgpe.gouv.ci\/fr\/gouvernance-des-entreprises-publiques-face-aux-dirigeants-sociaux-le-ministre-moussa-sanogo-evalue-la-performance-des-entreprises-publiques-et-des-agences-dexecution\/\" class=\"gyan-post-grid-button gyan-ease-transition gyan-flex\"><span class=\"gyan-post-grid-button-icon gyan-icon\"><i aria-hidden=\"true\" class=\"fas fa-angle-right\"><\/i><\/span><\/a><\/div><\/div>\n                                                <div class=\"clear\"><\/div>\n                <\/div>\n                <div class=\"clear\"><\/div>\n            <\/div>\n            <div class=\"clear\"><\/div>\n        <\/div><div class=\"clear\"><\/div>\n\n    <\/div> <!-- gyan-post-grid-item-inner --><div class=\"clear\"><\/div>\n<\/div> <!-- gyan-post-grid-item -->\n\n<div class=\"clear\"><\/div>\n<div class=\"gyan-post-grid-item gyan-grid-item-wrap cat-164 cat-24\">\n    <div class=\"gyan-post-grid-item-inner gyan-grid-item\">\n\n        <div class=\"gyan-post-grid-item-holder gyan-ease-transition\">\n\n            \n                <div class=\"gyan-post-image\">\n                    <div class=\"gyan-post-grid-format\"><a href=\"https:\/\/dgpe.gouv.ci\/fr\/journee-internationale-des-droits-des-femmes-jif-2025-la-direction-generale-du-portefeuille-de-letat-celebre-ses-femmes\/\" class=\"gyan-post-grid-image gyan-post-grid-image-effect-zoom\"><img decoding=\"async\" class=\"gyan-ease-transition\" src=\"https:\/\/dgpe.gouv.ci\/fr\/wp-content\/uploads\/2025\/04\/journee_femme-670x670.jpg\" alt=\"\" \/><\/a>                    <\/div>\n                <\/div>\n\n            \n            <div class=\"gyan-post-content-block gyan-ease-transition\">\n                <div class=\"gyan-post-title-section\">\n                    <div class=\"gyan-post-grid-metas gyan-ease-transition gyan-post-grid-separator-none \"><span class=\"gyan-grid-metas-item\"><span class=\"gyan-postmetas-icon\"><i class=\"fas fa-clock\"><\/i><\/span><span class=\"gyan-postmeta-text\">Avr 7, 2025<\/span><\/span><span class=\"gyan-grid-metas-item\"><span class=\"gyan-love \" data-id=\"15499\"><i class=\"fas fa-heart fas-regular\"><\/i><i class=\"fas fa-heart\"><\/i><span class=\"gyan-like-number\">15<\/span><\/span> Likes<\/span><span class=\"gyan-grid-metas-item\"><span class=\"gyan-postmetas-icon\"><i class=\"fas fa-eye\"><\/i><\/span><span class=\"gyan-postmeta-text\">219 Vues<\/span><\/span><\/div>\n    <div class=\"clear\"><\/div>                        <div class=\"gyan-post-grid-content\">\n\n                            \n                            <div class=\"gyan-post-title\">\n                                <h2><a href=\"https:\/\/dgpe.gouv.ci\/fr\/journee-internationale-des-droits-des-femmes-jif-2025-la-direction-generale-du-portefeuille-de-letat-celebre-ses-femmes\/\" >JOURNEE INTERNATIONALE DES DROITS DES FEMMES (JIF) 2025 : \u00ab La Direction G\u00e9n\u00e9rale du                                <\/a><\/h2>\n                            <\/div>\n\n                            \n                            \n                                <div class=\"gyan-post-list-excerpt\">\n                                    A l\u2019occasion de la Journ\u00e9e Internationale des Droits des Femmes (JIF) 2025, la Direction                                <\/div>\n\n                            \n                            <div class=\"clear\"><\/div>\n\n                        <\/div>\n                        <div class=\"gyan-post-grid-button-wrap\"><div class=\"gyan-post-grid-button-holder\"><a href=\"https:\/\/dgpe.gouv.ci\/fr\/journee-internationale-des-droits-des-femmes-jif-2025-la-direction-generale-du-portefeuille-de-letat-celebre-ses-femmes\/\" class=\"gyan-post-grid-button gyan-ease-transition gyan-flex\"><span class=\"gyan-post-grid-button-icon gyan-icon\"><i aria-hidden=\"true\" class=\"fas fa-angle-right\"><\/i><\/span><\/a><\/div><\/div>\n                                                <div class=\"clear\"><\/div>\n                <\/div>\n                <div class=\"clear\"><\/div>\n            <\/div>\n            <div class=\"clear\"><\/div>\n        <\/div><div class=\"clear\"><\/div>\n\n    <\/div> <!-- gyan-post-grid-item-inner --><div class=\"clear\"><\/div>\n<\/div> <!-- gyan-post-grid-item -->\n\n<div class=\"clear\"><\/div>\n<div class=\"gyan-post-grid-item gyan-grid-item-wrap cat-164 cat-24\">\n    <div class=\"gyan-post-grid-item-inner gyan-grid-item\">\n\n        <div class=\"gyan-post-grid-item-holder gyan-ease-transition\">\n\n            \n                <div class=\"gyan-post-image\">\n                    <div class=\"gyan-post-grid-format\"><a href=\"https:\/\/dgpe.gouv.ci\/fr\/rencontre-dechanges-entre-les-administrateurs-representant-le-ministere-du-patrimoine-du-portefeuille-de-letat-et-des-entreprises-publiques-au-sein-des-conseils-dadministra\/\" class=\"gyan-post-grid-image gyan-post-grid-image-effect-zoom\"><img decoding=\"async\" class=\"gyan-ease-transition\" src=\"https:\/\/dgpe.gouv.ci\/fr\/wp-content\/uploads\/2025\/02\/B58I7827-670x667.jpg\" alt=\"\" \/><\/a>                    <\/div>\n                <\/div>\n\n            \n            <div class=\"gyan-post-content-block gyan-ease-transition\">\n                <div class=\"gyan-post-title-section\">\n                    <div class=\"gyan-post-grid-metas gyan-ease-transition gyan-post-grid-separator-none \"><span class=\"gyan-grid-metas-item\"><span class=\"gyan-postmetas-icon\"><i class=\"fas fa-clock\"><\/i><\/span><span class=\"gyan-postmeta-text\">F\u00e9v 27, 2025<\/span><\/span><span class=\"gyan-grid-metas-item\"><span class=\"gyan-love \" data-id=\"15476\"><i class=\"fas fa-heart fas-regular\"><\/i><i class=\"fas fa-heart\"><\/i><span class=\"gyan-like-number\">12<\/span><\/span> Likes<\/span><span class=\"gyan-grid-metas-item\"><span class=\"gyan-postmetas-icon\"><i class=\"fas fa-eye\"><\/i><\/span><span class=\"gyan-postmeta-text\">223 Vues<\/span><\/span><\/div>\n    <div class=\"clear\"><\/div>                        <div class=\"gyan-post-grid-content\">\n\n                            \n                            <div class=\"gyan-post-title\">\n                                <h2><a href=\"https:\/\/dgpe.gouv.ci\/fr\/rencontre-dechanges-entre-les-administrateurs-representant-le-ministere-du-patrimoine-du-portefeuille-de-letat-et-des-entreprises-publiques-au-sein-des-conseils-dadministra\/\" >RENCONTRE D\u2019ECHANGES ENTRE LES ADMINISTRATEURS REPRESENTANT LE MINISTERE DU PATRIMOINE,                                <\/a><\/h2>\n                            <\/div>\n\n                            \n                            \n                                <div class=\"gyan-post-list-excerpt\">\n                                    \u00ab\u00a0Le Ministre met en mission ses repr\u00e9sentants au sein des Conseils d\u2019Administration et de                                <\/div>\n\n                            \n                            <div class=\"clear\"><\/div>\n\n                        <\/div>\n                        <div class=\"gyan-post-grid-button-wrap\"><div class=\"gyan-post-grid-button-holder\"><a href=\"https:\/\/dgpe.gouv.ci\/fr\/rencontre-dechanges-entre-les-administrateurs-representant-le-ministere-du-patrimoine-du-portefeuille-de-letat-et-des-entreprises-publiques-au-sein-des-conseils-dadministra\/\" class=\"gyan-post-grid-button gyan-ease-transition gyan-flex\"><span class=\"gyan-post-grid-button-icon gyan-icon\"><i aria-hidden=\"true\" class=\"fas fa-angle-right\"><\/i><\/span><\/a><\/div><\/div>\n                                                <div class=\"clear\"><\/div>\n                <\/div>\n                <div class=\"clear\"><\/div>\n            <\/div>\n            <div class=\"clear\"><\/div>\n        <\/div><div class=\"clear\"><\/div>\n\n    <\/div> <!-- gyan-post-grid-item-inner --><div class=\"clear\"><\/div>\n<\/div> <!-- gyan-post-grid-item -->\n\n<div class=\"clear\"><\/div>\n<div class=\"gyan-post-grid-item gyan-grid-item-wrap cat-164 cat-24\">\n    <div class=\"gyan-post-grid-item-inner gyan-grid-item\">\n\n        <div class=\"gyan-post-grid-item-holder gyan-ease-transition\">\n\n            \n                <div class=\"gyan-post-image\">\n                    <div class=\"gyan-post-grid-format\"><a href=\"https:\/\/dgpe.gouv.ci\/fr\/passation-de-charges-a-la-tete-de-la-direction-de-la-strategie-et-de-lexpertise-d-s-e-le-nouveau-directeur-de-la-strategie-et-de-lexpertise-sinstalle\/\" class=\"gyan-post-grid-image gyan-post-grid-image-effect-zoom\"><img decoding=\"async\" class=\"gyan-ease-transition\" src=\"https:\/\/dgpe.gouv.ci\/fr\/wp-content\/uploads\/2025\/02\/DSE-670x670.jpg\" alt=\"\" \/><\/a>                    <\/div>\n                <\/div>\n\n            \n            <div class=\"gyan-post-content-block gyan-ease-transition\">\n                <div class=\"gyan-post-title-section\">\n                    <div class=\"gyan-post-grid-metas gyan-ease-transition gyan-post-grid-separator-none \"><span class=\"gyan-grid-metas-item\"><span class=\"gyan-postmetas-icon\"><i class=\"fas fa-clock\"><\/i><\/span><span class=\"gyan-postmeta-text\">F\u00e9v 17, 2025<\/span><\/span><span class=\"gyan-grid-metas-item\"><span class=\"gyan-love \" data-id=\"15308\"><i class=\"fas fa-heart fas-regular\"><\/i><i class=\"fas fa-heart\"><\/i><span class=\"gyan-like-number\">12<\/span><\/span> Likes<\/span><span class=\"gyan-grid-metas-item\"><span class=\"gyan-postmetas-icon\"><i class=\"fas fa-eye\"><\/i><\/span><span class=\"gyan-postmeta-text\">254 Vues<\/span><\/span><\/div>\n    <div class=\"clear\"><\/div>                        <div class=\"gyan-post-grid-content\">\n\n                            \n                            <div class=\"gyan-post-title\">\n                                <h2><a href=\"https:\/\/dgpe.gouv.ci\/fr\/passation-de-charges-a-la-tete-de-la-direction-de-la-strategie-et-de-lexpertise-d-s-e-le-nouveau-directeur-de-la-strategie-et-de-lexpertise-sinstalle\/\" >PASSATION DE CHARGES A LA TETE DE LA DIRECTION DE LA STRATEGIE ET DE L\u2019EXPERTISE                                <\/a><\/h2>\n                            <\/div>\n\n                            \n                            \n                                <div class=\"gyan-post-list-excerpt\">\n                                    C\u2019est au 3 \u00e8me \u00e9tage de la Tour B, ce lundi 17 f\u00e9vrier 2025, que s\u2019est tenue, sous la                                <\/div>\n\n                            \n                            <div class=\"clear\"><\/div>\n\n                        <\/div>\n                        <div class=\"gyan-post-grid-button-wrap\"><div class=\"gyan-post-grid-button-holder\"><a href=\"https:\/\/dgpe.gouv.ci\/fr\/passation-de-charges-a-la-tete-de-la-direction-de-la-strategie-et-de-lexpertise-d-s-e-le-nouveau-directeur-de-la-strategie-et-de-lexpertise-sinstalle\/\" class=\"gyan-post-grid-button gyan-ease-transition gyan-flex\"><span class=\"gyan-post-grid-button-icon gyan-icon\"><i aria-hidden=\"true\" class=\"fas fa-angle-right\"><\/i><\/span><\/a><\/div><\/div>\n                                                <div class=\"clear\"><\/div>\n                <\/div>\n                <div class=\"clear\"><\/div>\n            <\/div>\n            <div class=\"clear\"><\/div>\n        <\/div><div class=\"clear\"><\/div>\n\n    <\/div> <!-- gyan-post-grid-item-inner --><div class=\"clear\"><\/div>\n<\/div> <!-- gyan-post-grid-item -->\n\n<div class=\"clear\"><\/div>\n<div class=\"gyan-post-grid-item gyan-grid-item-wrap cat-164 cat-24\">\n    <div class=\"gyan-post-grid-item-inner gyan-grid-item\">\n\n        <div class=\"gyan-post-grid-item-holder gyan-ease-transition\">\n\n            \n                <div class=\"gyan-post-image\">\n                    <div class=\"gyan-post-grid-format\"><a href=\"https:\/\/dgpe.gouv.ci\/fr\/seminaire-bilan-2024-perspectives-2025-de-la-direction-generale-du-portefeuille-de-letat-dgpe\/\" class=\"gyan-post-grid-image gyan-post-grid-image-effect-zoom\"><img decoding=\"async\" class=\"gyan-ease-transition\" src=\"https:\/\/dgpe.gouv.ci\/fr\/wp-content\/uploads\/2025\/02\/B58I1650-670x652.jpg\" alt=\"\" \/><\/a>                    <\/div>\n                <\/div>\n\n            \n            <div class=\"gyan-post-content-block gyan-ease-transition\">\n                <div class=\"gyan-post-title-section\">\n                    <div class=\"gyan-post-grid-metas gyan-ease-transition gyan-post-grid-separator-none \"><span class=\"gyan-grid-metas-item\"><span class=\"gyan-postmetas-icon\"><i class=\"fas fa-clock\"><\/i><\/span><span class=\"gyan-postmeta-text\">Jan 30, 2025<\/span><\/span><span class=\"gyan-grid-metas-item\"><span class=\"gyan-love \" data-id=\"15314\"><i class=\"fas fa-heart fas-regular\"><\/i><i class=\"fas fa-heart\"><\/i><span class=\"gyan-like-number\">10<\/span><\/span> Likes<\/span><span class=\"gyan-grid-metas-item\"><span class=\"gyan-postmetas-icon\"><i class=\"fas fa-eye\"><\/i><\/span><span class=\"gyan-postmeta-text\">222 Vues<\/span><\/span><\/div>\n    <div class=\"clear\"><\/div>                        <div class=\"gyan-post-grid-content\">\n\n                            \n                            <div class=\"gyan-post-title\">\n                                <h2><a href=\"https:\/\/dgpe.gouv.ci\/fr\/seminaire-bilan-2024-perspectives-2025-de-la-direction-generale-du-portefeuille-de-letat-dgpe\/\" >SEMINAIRE BILAN 2024, PERSPECTIVES 2025 DE LA DIRECTION GENERALE DU PORTEFEUILLE DE                                <\/a><\/h2>\n                            <\/div>\n\n                            \n                            \n                                <div class=\"gyan-post-list-excerpt\">\n                                    La DGPE dresse son bilan et d\u00e9roule ses perspectives au titre de l\u2019ann\u00e9e 2025. En vue de                                <\/div>\n\n                            \n                            <div class=\"clear\"><\/div>\n\n                        <\/div>\n                        <div class=\"gyan-post-grid-button-wrap\"><div class=\"gyan-post-grid-button-holder\"><a href=\"https:\/\/dgpe.gouv.ci\/fr\/seminaire-bilan-2024-perspectives-2025-de-la-direction-generale-du-portefeuille-de-letat-dgpe\/\" class=\"gyan-post-grid-button gyan-ease-transition gyan-flex\"><span class=\"gyan-post-grid-button-icon gyan-icon\"><i aria-hidden=\"true\" class=\"fas fa-angle-right\"><\/i><\/span><\/a><\/div><\/div>\n                                                <div class=\"clear\"><\/div>\n                <\/div>\n                <div class=\"clear\"><\/div>\n            <\/div>\n            <div class=\"clear\"><\/div>\n        <\/div><div class=\"clear\"><\/div>\n\n    <\/div> <!-- gyan-post-grid-item-inner --><div class=\"clear\"><\/div>\n<\/div> <!-- gyan-post-grid-item -->\n\n<div class=\"clear\"><\/div>\n<div class=\"gyan-post-grid-item gyan-grid-item-wrap cat-164 cat-24\">\n    <div class=\"gyan-post-grid-item-inner gyan-grid-item\">\n\n        <div class=\"gyan-post-grid-item-holder gyan-ease-transition\">\n\n            \n                <div class=\"gyan-post-image\">\n                    <div class=\"gyan-post-grid-format\"><a href=\"https:\/\/dgpe.gouv.ci\/fr\/visite-de-travail-du-ministre-du-patrimoine-du-portefeuille-de-letat-et-des-entreprises-publiques-a-la-direction-generale-du-portefeuille-de-letat-dgpe-le-ministre-moussa-s-2\/\" class=\"gyan-post-grid-image gyan-post-grid-image-effect-zoom\"><img decoding=\"async\" class=\"gyan-ease-transition\" src=\"https:\/\/dgpe.gouv.ci\/fr\/wp-content\/uploads\/2025\/01\/photo-illustration-voeux-2025-670x667.jpg\" alt=\"\" \/><\/a>                    <\/div>\n                <\/div>\n\n            \n            <div class=\"gyan-post-content-block gyan-ease-transition\">\n                <div class=\"gyan-post-title-section\">\n                    <div class=\"gyan-post-grid-metas gyan-ease-transition gyan-post-grid-separator-none \"><span class=\"gyan-grid-metas-item\"><span class=\"gyan-postmetas-icon\"><i class=\"fas fa-clock\"><\/i><\/span><span class=\"gyan-postmeta-text\">Jan 15, 2025<\/span><\/span><span class=\"gyan-grid-metas-item\"><span class=\"gyan-love \" data-id=\"15234\"><i class=\"fas fa-heart fas-regular\"><\/i><i class=\"fas fa-heart\"><\/i><span class=\"gyan-like-number\">10<\/span><\/span> Likes<\/span><span class=\"gyan-grid-metas-item\"><span class=\"gyan-postmetas-icon\"><i class=\"fas fa-eye\"><\/i><\/span><span class=\"gyan-postmeta-text\">214 Vues<\/span><\/span><\/div>\n    <div class=\"clear\"><\/div>                        <div class=\"gyan-post-grid-content\">\n\n                            \n                            <div class=\"gyan-post-title\">\n                                <h2><a href=\"https:\/\/dgpe.gouv.ci\/fr\/visite-de-travail-du-ministre-du-patrimoine-du-portefeuille-de-letat-et-des-entreprises-publiques-a-la-direction-generale-du-portefeuille-de-letat-dgpe-le-ministre-moussa-s-2\/\" >LE PERSONNEL DE LA DIRECTION GENERALE DU PORTEFEUILLE D\u2019ETAT PRESENTE SES V\u0152UX DE                                <\/a><\/h2>\n                            <\/div>\n\n                            \n                            \n                                <div class=\"gyan-post-list-excerpt\">\n                                    Monsieur BAMBA Seydou, Directeur G\u00e9n\u00e9ral du Portefeuille de l\u2019Etat a rencontr\u00e9 les membres                                <\/div>\n\n                            \n                            <div class=\"clear\"><\/div>\n\n                        <\/div>\n                        <div class=\"gyan-post-grid-button-wrap\"><div class=\"gyan-post-grid-button-holder\"><a href=\"https:\/\/dgpe.gouv.ci\/fr\/visite-de-travail-du-ministre-du-patrimoine-du-portefeuille-de-letat-et-des-entreprises-publiques-a-la-direction-generale-du-portefeuille-de-letat-dgpe-le-ministre-moussa-s-2\/\" class=\"gyan-post-grid-button gyan-ease-transition gyan-flex\"><span class=\"gyan-post-grid-button-icon gyan-icon\"><i aria-hidden=\"true\" class=\"fas fa-angle-right\"><\/i><\/span><\/a><\/div><\/div>\n                                                <div class=\"clear\"><\/div>\n                <\/div>\n                <div class=\"clear\"><\/div>\n            <\/div>\n            <div class=\"clear\"><\/div>\n        <\/div><div class=\"clear\"><\/div>\n\n    <\/div> <!-- gyan-post-grid-item-inner --><div class=\"clear\"><\/div>\n<\/div> <!-- gyan-post-grid-item -->\n\n<div class=\"clear\"><\/div>\n<div class=\"gyan-post-grid-item gyan-grid-item-wrap cat-146 cat-24\">\n    <div class=\"gyan-post-grid-item-inner gyan-grid-item\">\n\n        <div class=\"gyan-post-grid-item-holder gyan-ease-transition\">\n\n            \n                <div class=\"gyan-post-image\">\n                    <div class=\"gyan-post-grid-format\"><a href=\"https:\/\/dgpe.gouv.ci\/fr\/visite-de-travail-du-ministre-du-patrimoine-du-portefeuille-de-letat-et-des-entreprises-publiques-a-la-direction-generale-du-portefeuille-de-letat-dgpe-le-ministre-moussa-s\/\" class=\"gyan-post-grid-image gyan-post-grid-image-effect-zoom\"><img decoding=\"async\" class=\"gyan-ease-transition\" src=\"https:\/\/dgpe.gouv.ci\/fr\/wp-content\/uploads\/2025\/12\/Photo-illustrative-002-670x667.jpg\" alt=\"\" \/><\/a>                    <\/div>\n                <\/div>\n\n            \n            <div class=\"gyan-post-content-block gyan-ease-transition\">\n                <div class=\"gyan-post-title-section\">\n                    <div class=\"gyan-post-grid-metas gyan-ease-transition gyan-post-grid-separator-none \"><span class=\"gyan-grid-metas-item\"><span class=\"gyan-postmetas-icon\"><i class=\"fas fa-clock\"><\/i><\/span><span class=\"gyan-postmeta-text\">D\u00e9c 24, 2024<\/span><\/span><span class=\"gyan-grid-metas-item\"><span class=\"gyan-love \" data-id=\"15223\"><i class=\"fas fa-heart fas-regular\"><\/i><i class=\"fas fa-heart\"><\/i><span class=\"gyan-like-number\">11<\/span><\/span> Likes<\/span><span class=\"gyan-grid-metas-item\"><span class=\"gyan-postmetas-icon\"><i class=\"fas fa-eye\"><\/i><\/span><span class=\"gyan-postmeta-text\">247 Vues<\/span><\/span><\/div>\n    <div class=\"clear\"><\/div>                        <div class=\"gyan-post-grid-content\">\n\n                            \n                            <div class=\"gyan-post-title\">\n                                <h2><a href=\"https:\/\/dgpe.gouv.ci\/fr\/visite-de-travail-du-ministre-du-patrimoine-du-portefeuille-de-letat-et-des-entreprises-publiques-a-la-direction-generale-du-portefeuille-de-letat-dgpe-le-ministre-moussa-s\/\" >VISITE DE TRAVAIL DU MINISTRE DU PATRIMOINE, DU PORTEFEUILLE DE L\u2019ETAT ET DES                                <\/a><\/h2>\n                            <\/div>\n\n                            \n                            \n                                <div class=\"gyan-post-list-excerpt\">\n                                    Le mardi 24 d\u00e9cembre 2024, le Ministre du Patrimoine, du Portefeuille de l\u2019Etat et des                                <\/div>\n\n                            \n                            <div class=\"clear\"><\/div>\n\n                        <\/div>\n                        <div class=\"gyan-post-grid-button-wrap\"><div class=\"gyan-post-grid-button-holder\"><a href=\"https:\/\/dgpe.gouv.ci\/fr\/visite-de-travail-du-ministre-du-patrimoine-du-portefeuille-de-letat-et-des-entreprises-publiques-a-la-direction-generale-du-portefeuille-de-letat-dgpe-le-ministre-moussa-s\/\" class=\"gyan-post-grid-button gyan-ease-transition gyan-flex\"><span class=\"gyan-post-grid-button-icon gyan-icon\"><i aria-hidden=\"true\" class=\"fas fa-angle-right\"><\/i><\/span><\/a><\/div><\/div>\n                                                <div class=\"clear\"><\/div>\n                <\/div>\n                <div class=\"clear\"><\/div>\n            <\/div>\n            <div class=\"clear\"><\/div>\n        <\/div><div class=\"clear\"><\/div>\n\n    <\/div> <!-- gyan-post-grid-item-inner --><div class=\"clear\"><\/div>\n<\/div> <!-- gyan-post-grid-item -->\n\n<div class=\"clear\"><\/div>\n<div class=\"gyan-post-grid-item gyan-grid-item-wrap cat-146 cat-24\">\n    <div class=\"gyan-post-grid-item-inner gyan-grid-item\">\n\n        <div class=\"gyan-post-grid-item-holder gyan-ease-transition\">\n\n            \n                <div class=\"gyan-post-image\">\n                    <div class=\"gyan-post-grid-format\"><a href=\"https:\/\/dgpe.gouv.ci\/fr\/lancement-des-activites-de-la-direction-generale-des-etablissements-publics-nationaux-une-nouvelle-ere-pour-les-etablissements-publics-nationaux\/\" class=\"gyan-post-grid-image gyan-post-grid-image-effect-zoom\"><img decoding=\"async\" class=\"gyan-ease-transition\" src=\"https:\/\/dgpe.gouv.ci\/fr\/wp-content\/uploads\/2024\/12\/Photo-illustrative-lancement-DGEPN-002-670x667.jpg\" alt=\"\" \/><\/a>                    <\/div>\n                <\/div>\n\n            \n            <div class=\"gyan-post-content-block gyan-ease-transition\">\n                <div class=\"gyan-post-title-section\">\n                    <div class=\"gyan-post-grid-metas gyan-ease-transition gyan-post-grid-separator-none \"><span class=\"gyan-grid-metas-item\"><span class=\"gyan-postmetas-icon\"><i class=\"fas fa-clock\"><\/i><\/span><span class=\"gyan-postmeta-text\">D\u00e9c 17, 2024<\/span><\/span><span class=\"gyan-grid-metas-item\"><span class=\"gyan-love \" data-id=\"15217\"><i class=\"fas fa-heart fas-regular\"><\/i><i class=\"fas fa-heart\"><\/i><span class=\"gyan-like-number\">11<\/span><\/span> Likes<\/span><span class=\"gyan-grid-metas-item\"><span class=\"gyan-postmetas-icon\"><i class=\"fas fa-eye\"><\/i><\/span><span class=\"gyan-postmeta-text\">293 Vues<\/span><\/span><\/div>\n    <div class=\"clear\"><\/div>                        <div class=\"gyan-post-grid-content\">\n\n                            \n                            <div class=\"gyan-post-title\">\n                                <h2><a href=\"https:\/\/dgpe.gouv.ci\/fr\/lancement-des-activites-de-la-direction-generale-des-etablissements-publics-nationaux-une-nouvelle-ere-pour-les-etablissements-publics-nationaux\/\" >LANCEMENT DES ACTIVITES DE LA DIRECTION GENERALE DES ETABLISSEMENTS PUBLICS NATIONAUX                                 <\/a><\/h2>\n                            <\/div>\n\n                            \n                            \n                                <div class=\"gyan-post-list-excerpt\">\n                                    Le mardi 17 d\u00e9cembre 2024 s\u2019est tenue \u00e0 l\u2019immeuble SCIAM, la c\u00e9r\u00e9monie de lancement                                <\/div>\n\n                            \n                            <div class=\"clear\"><\/div>\n\n                        <\/div>\n                        <div class=\"gyan-post-grid-button-wrap\"><div class=\"gyan-post-grid-button-holder\"><a href=\"https:\/\/dgpe.gouv.ci\/fr\/lancement-des-activites-de-la-direction-generale-des-etablissements-publics-nationaux-une-nouvelle-ere-pour-les-etablissements-publics-nationaux\/\" class=\"gyan-post-grid-button gyan-ease-transition gyan-flex\"><span class=\"gyan-post-grid-button-icon gyan-icon\"><i aria-hidden=\"true\" class=\"fas fa-angle-right\"><\/i><\/span><\/a><\/div><\/div>\n                                                <div class=\"clear\"><\/div>\n                <\/div>\n                <div class=\"clear\"><\/div>\n            <\/div>\n            <div class=\"clear\"><\/div>\n        <\/div><div class=\"clear\"><\/div>\n\n    <\/div> <!-- gyan-post-grid-item-inner --><div class=\"clear\"><\/div>\n<\/div> <!-- gyan-post-grid-item -->\n\n<div class=\"clear\"><\/div>\n<div class=\"gyan-post-grid-item gyan-grid-item-wrap cat-146 cat-24\">\n    <div class=\"gyan-post-grid-item-inner gyan-grid-item\">\n\n        <div class=\"gyan-post-grid-item-holder gyan-ease-transition\">\n\n            \n                <div class=\"gyan-post-image\">\n                    <div class=\"gyan-post-grid-format\"><a href=\"https:\/\/dgpe.gouv.ci\/fr\/la-direction-generale-du-portefeuille-de-letat-dgpe-remporte-le-3eme-prix-national-dexcellence-de-ladministration-publique-moderne-la-plus-innovante\/\" class=\"gyan-post-grid-image gyan-post-grid-image-effect-zoom\"><img decoding=\"async\" class=\"gyan-ease-transition\" src=\"https:\/\/dgpe.gouv.ci\/fr\/wp-content\/uploads\/2024\/12\/PHOTO-PNE-002-670x670.jpg\" alt=\"\" \/><\/a>                    <\/div>\n                <\/div>\n\n            \n            <div class=\"gyan-post-content-block gyan-ease-transition\">\n                <div class=\"gyan-post-title-section\">\n                    <div class=\"gyan-post-grid-metas gyan-ease-transition gyan-post-grid-separator-none \"><span class=\"gyan-grid-metas-item\"><span class=\"gyan-postmetas-icon\"><i class=\"fas fa-clock\"><\/i><\/span><span class=\"gyan-postmeta-text\">D\u00e9c 12, 2024<\/span><\/span><span class=\"gyan-grid-metas-item\"><span class=\"gyan-love \" data-id=\"15211\"><i class=\"fas fa-heart fas-regular\"><\/i><i class=\"fas fa-heart\"><\/i><span class=\"gyan-like-number\">9<\/span><\/span> Likes<\/span><span class=\"gyan-grid-metas-item\"><span class=\"gyan-postmetas-icon\"><i class=\"fas fa-eye\"><\/i><\/span><span class=\"gyan-postmeta-text\">177 Vues<\/span><\/span><\/div>\n    <div class=\"clear\"><\/div>                        <div class=\"gyan-post-grid-content\">\n\n                            \n                            <div class=\"gyan-post-title\">\n                                <h2><a href=\"https:\/\/dgpe.gouv.ci\/fr\/la-direction-generale-du-portefeuille-de-letat-dgpe-remporte-le-3eme-prix-national-dexcellence-de-ladministration-publique-moderne-la-plus-innovante\/\" >LA DIRECTION GENERALE DU PORTEFEUILLE DE L\u2019ETAT (DGPE) REMPORTE LE 3EME PRIX NATIONAL                                <\/a><\/h2>\n                            <\/div>\n\n                            \n                            \n                                <div class=\"gyan-post-list-excerpt\">\n                                    Sous l\u2019\u00e9gide du Ministre d\u2019Etat, Ministre de la Fonction Publique et de la Modernisation de                                <\/div>\n\n                            \n                            <div class=\"clear\"><\/div>\n\n                        <\/div>\n                        <div class=\"gyan-post-grid-button-wrap\"><div class=\"gyan-post-grid-button-holder\"><a href=\"https:\/\/dgpe.gouv.ci\/fr\/la-direction-generale-du-portefeuille-de-letat-dgpe-remporte-le-3eme-prix-national-dexcellence-de-ladministration-publique-moderne-la-plus-innovante\/\" class=\"gyan-post-grid-button gyan-ease-transition gyan-flex\"><span class=\"gyan-post-grid-button-icon gyan-icon\"><i aria-hidden=\"true\" class=\"fas fa-angle-right\"><\/i><\/span><\/a><\/div><\/div>\n                                                <div class=\"clear\"><\/div>\n                <\/div>\n                <div class=\"clear\"><\/div>\n            <\/div>\n            <div class=\"clear\"><\/div>\n        <\/div><div class=\"clear\"><\/div>\n\n    <\/div> <!-- gyan-post-grid-item-inner --><div class=\"clear\"><\/div>\n<\/div> <!-- gyan-post-grid-item -->\n\n<div class=\"clear\"><\/div>\n<div class=\"gyan-post-grid-item gyan-grid-item-wrap cat-146 cat-24\">\n    <div class=\"gyan-post-grid-item-inner gyan-grid-item\">\n\n        <div class=\"gyan-post-grid-item-holder gyan-ease-transition\">\n\n            \n                <div class=\"gyan-post-image\">\n                    <div class=\"gyan-post-grid-format\"><a href=\"https:\/\/dgpe.gouv.ci\/fr\/visite-de-travail-et-dimmersion-de-la-direction-generale-des-participations-gabonnaise-a-la-direction-generale-du-portefeuille-de-letat\/\" class=\"gyan-post-grid-image gyan-post-grid-image-effect-zoom\"><img decoding=\"async\" class=\"gyan-ease-transition\" src=\"https:\/\/dgpe.gouv.ci\/fr\/wp-content\/uploads\/2024\/11\/Mission-Gabon-670x493.jpg\" alt=\"\" \/><\/a>                    <\/div>\n                <\/div>\n\n            \n            <div class=\"gyan-post-content-block gyan-ease-transition\">\n                <div class=\"gyan-post-title-section\">\n                    <div class=\"gyan-post-grid-metas gyan-ease-transition gyan-post-grid-separator-none \"><span class=\"gyan-grid-metas-item\"><span class=\"gyan-postmetas-icon\"><i class=\"fas fa-clock\"><\/i><\/span><span class=\"gyan-postmeta-text\">Nov 29, 2024<\/span><\/span><span class=\"gyan-grid-metas-item\"><span class=\"gyan-love \" data-id=\"15030\"><i class=\"fas fa-heart fas-regular\"><\/i><i class=\"fas fa-heart\"><\/i><span class=\"gyan-like-number\">6<\/span><\/span> Likes<\/span><span class=\"gyan-grid-metas-item\"><span class=\"gyan-postmetas-icon\"><i class=\"fas fa-eye\"><\/i><\/span><span class=\"gyan-postmeta-text\">232 Vues<\/span><\/span><\/div>\n    <div class=\"clear\"><\/div>                        <div class=\"gyan-post-grid-content\">\n\n                            \n                            <div class=\"gyan-post-title\">\n                                <h2><a href=\"https:\/\/dgpe.gouv.ci\/fr\/visite-de-travail-et-dimmersion-de-la-direction-generale-des-participations-gabonnaise-a-la-direction-generale-du-portefeuille-de-letat\/\" >VISITE DE TRAVAIL ET D\u2019IMMERSION DE LA DIRECTION GENERALE DES PARTICIPATIONS GABONNAISE                                <\/a><\/h2>\n                            <\/div>\n\n                            \n                            \n                                <div class=\"gyan-post-list-excerpt\">\n                                    Une d\u00e9l\u00e9gation de la Direction G\u00e9n\u00e9rale des Participations de la R\u00e9publique Gabonaise                                <\/div>\n\n                            \n                            <div class=\"clear\"><\/div>\n\n                        <\/div>\n                        <div class=\"gyan-post-grid-button-wrap\"><div class=\"gyan-post-grid-button-holder\"><a href=\"https:\/\/dgpe.gouv.ci\/fr\/visite-de-travail-et-dimmersion-de-la-direction-generale-des-participations-gabonnaise-a-la-direction-generale-du-portefeuille-de-letat\/\" class=\"gyan-post-grid-button gyan-ease-transition gyan-flex\"><span class=\"gyan-post-grid-button-icon gyan-icon\"><i aria-hidden=\"true\" class=\"fas fa-angle-right\"><\/i><\/span><\/a><\/div><\/div>\n                                                <div class=\"clear\"><\/div>\n                <\/div>\n                <div class=\"clear\"><\/div>\n            <\/div>\n            <div class=\"clear\"><\/div>\n        <\/div><div class=\"clear\"><\/div>\n\n    <\/div> <!-- gyan-post-grid-item-inner --><div class=\"clear\"><\/div>\n<\/div> <!-- gyan-post-grid-item -->\n\n<div class=\"clear\"><\/div>\n<div class=\"gyan-post-grid-item gyan-grid-item-wrap cat-146 cat-24\">\n    <div class=\"gyan-post-grid-item-inner gyan-grid-item\">\n\n        <div class=\"gyan-post-grid-item-holder gyan-ease-transition\">\n\n            \n                <div class=\"gyan-post-image\">\n                    <div class=\"gyan-post-grid-format\"><a href=\"https:\/\/dgpe.gouv.ci\/fr\/seminaire-de-presentation-du-guide-de-gouvernance-des-entreprises-publiques-et-des-livrets-de-la-direction-generale-du-portefeuille-de-letat\/\" class=\"gyan-post-grid-image gyan-post-grid-image-effect-zoom\"><img decoding=\"async\" class=\"gyan-ease-transition\" src=\"https:\/\/dgpe.gouv.ci\/fr\/wp-content\/uploads\/2024\/12\/guide-gouv-670x595.jpg\" alt=\"\" \/><\/a>                    <\/div>\n                <\/div>\n\n            \n            <div class=\"gyan-post-content-block gyan-ease-transition\">\n                <div class=\"gyan-post-title-section\">\n                    <div class=\"gyan-post-grid-metas gyan-ease-transition gyan-post-grid-separator-none \"><span class=\"gyan-grid-metas-item\"><span class=\"gyan-postmetas-icon\"><i class=\"fas fa-clock\"><\/i><\/span><span class=\"gyan-postmeta-text\">Nov 20, 2024<\/span><\/span><span class=\"gyan-grid-metas-item\"><span class=\"gyan-love \" data-id=\"15018\"><i class=\"fas fa-heart fas-regular\"><\/i><i class=\"fas fa-heart\"><\/i><span class=\"gyan-like-number\">9<\/span><\/span> Likes<\/span><span class=\"gyan-grid-metas-item\"><span class=\"gyan-postmetas-icon\"><i class=\"fas fa-eye\"><\/i><\/span><span class=\"gyan-postmeta-text\">163 Vues<\/span><\/span><\/div>\n    <div class=\"clear\"><\/div>                        <div class=\"gyan-post-grid-content\">\n\n                            \n                            <div class=\"gyan-post-title\">\n                                <h2><a href=\"https:\/\/dgpe.gouv.ci\/fr\/seminaire-de-presentation-du-guide-de-gouvernance-des-entreprises-publiques-et-des-livrets-de-la-direction-generale-du-portefeuille-de-letat\/\" >SEMINAIRE DE PRESENTATION DU GUIDE DE GOUVERNANCE DES ENTREPRISES PUBLIQUES ET DES                                <\/a><\/h2>\n                            <\/div>\n\n                            \n                            \n                                <div class=\"gyan-post-list-excerpt\">\n                                    Le Minist\u00e8re du Patrimoine du Portefeuille de l\u2019Etat et des Entreprises Publiques (MPPEEP) a                                <\/div>\n\n                            \n                            <div class=\"clear\"><\/div>\n\n                        <\/div>\n                        <div class=\"gyan-post-grid-button-wrap\"><div class=\"gyan-post-grid-button-holder\"><a href=\"https:\/\/dgpe.gouv.ci\/fr\/seminaire-de-presentation-du-guide-de-gouvernance-des-entreprises-publiques-et-des-livrets-de-la-direction-generale-du-portefeuille-de-letat\/\" class=\"gyan-post-grid-button gyan-ease-transition gyan-flex\"><span class=\"gyan-post-grid-button-icon gyan-icon\"><i aria-hidden=\"true\" class=\"fas fa-angle-right\"><\/i><\/span><\/a><\/div><\/div>\n                                                <div class=\"clear\"><\/div>\n                <\/div>\n                <div class=\"clear\"><\/div>\n            <\/div>\n            <div class=\"clear\"><\/div>\n        <\/div><div class=\"clear\"><\/div>\n\n    <\/div> <!-- gyan-post-grid-item-inner --><div class=\"clear\"><\/div>\n<\/div> <!-- gyan-post-grid-item -->\n\n<div class=\"clear\"><\/div>\n<div class=\"gyan-post-grid-item gyan-grid-item-wrap cat-146 cat-24\">\n    <div class=\"gyan-post-grid-item-inner gyan-grid-item\">\n\n        <div class=\"gyan-post-grid-item-holder gyan-ease-transition\">\n\n            \n                <div class=\"gyan-post-image\">\n                    <div class=\"gyan-post-grid-format\"><a href=\"https:\/\/dgpe.gouv.ci\/fr\/ceremonie-de-remise-de-prix-national-dexcellence-pne-edition-2024-le-ministre-du-patrimoine-du-portefeuille-de-letat-et-des-entreprises-publiques-celebre-ses-recipiendaires\/\" class=\"gyan-post-grid-image gyan-post-grid-image-effect-zoom\"><img decoding=\"async\" class=\"gyan-ease-transition\" src=\"https:\/\/dgpe.gouv.ci\/fr\/wp-content\/uploads\/2024\/12\/remise-de-Prix-National-670x667.jpg\" alt=\"\" \/><\/a>                    <\/div>\n                <\/div>\n\n            \n            <div class=\"gyan-post-content-block gyan-ease-transition\">\n                <div class=\"gyan-post-title-section\">\n                    <div class=\"gyan-post-grid-metas gyan-ease-transition gyan-post-grid-separator-none \"><span class=\"gyan-grid-metas-item\"><span class=\"gyan-postmetas-icon\"><i class=\"fas fa-clock\"><\/i><\/span><span class=\"gyan-postmeta-text\">Nov 13, 2024<\/span><\/span><span class=\"gyan-grid-metas-item\"><span class=\"gyan-love \" data-id=\"15024\"><i class=\"fas fa-heart fas-regular\"><\/i><i class=\"fas fa-heart\"><\/i><span class=\"gyan-like-number\">4<\/span><\/span> Likes<\/span><span class=\"gyan-grid-metas-item\"><span class=\"gyan-postmetas-icon\"><i class=\"fas fa-eye\"><\/i><\/span><span class=\"gyan-postmeta-text\">176 Vues<\/span><\/span><\/div>\n    <div class=\"clear\"><\/div>                        <div class=\"gyan-post-grid-content\">\n\n                            \n                            <div class=\"gyan-post-title\">\n                                <h2><a href=\"https:\/\/dgpe.gouv.ci\/fr\/ceremonie-de-remise-de-prix-national-dexcellence-pne-edition-2024-le-ministre-du-patrimoine-du-portefeuille-de-letat-et-des-entreprises-publiques-celebre-ses-recipiendaires\/\" >C\u00e9r\u00e9monie de remise de Prix National d\u2019Excellence (PNE) \u00e9dition 2024 \u00ab Le Ministre                                <\/a><\/h2>\n                            <\/div>\n\n                            \n                            \n                                <div class=\"gyan-post-list-excerpt\">\n                                    Le mercredi 13 novembre 2024 s\u2019est tenue au 20\u00e8me \u00e9tage de l\u2019immeuble SCIAM, la                                <\/div>\n\n                            \n                            <div class=\"clear\"><\/div>\n\n                        <\/div>\n                        <div class=\"gyan-post-grid-button-wrap\"><div class=\"gyan-post-grid-button-holder\"><a href=\"https:\/\/dgpe.gouv.ci\/fr\/ceremonie-de-remise-de-prix-national-dexcellence-pne-edition-2024-le-ministre-du-patrimoine-du-portefeuille-de-letat-et-des-entreprises-publiques-celebre-ses-recipiendaires\/\" class=\"gyan-post-grid-button gyan-ease-transition gyan-flex\"><span class=\"gyan-post-grid-button-icon gyan-icon\"><i aria-hidden=\"true\" class=\"fas fa-angle-right\"><\/i><\/span><\/a><\/div><\/div>\n                                                <div class=\"clear\"><\/div>\n                <\/div>\n                <div class=\"clear\"><\/div>\n            <\/div>\n            <div class=\"clear\"><\/div>\n        <\/div><div class=\"clear\"><\/div>\n\n    <\/div> <!-- gyan-post-grid-item-inner --><div class=\"clear\"><\/div>\n<\/div> <!-- gyan-post-grid-item -->\n\n<div class=\"clear\"><\/div>\n<div class=\"gyan-post-grid-item gyan-grid-item-wrap cat-146 cat-24\">\n    <div class=\"gyan-post-grid-item-inner gyan-grid-item\">\n\n        <div class=\"gyan-post-grid-item-holder gyan-ease-transition\">\n\n            \n                <div class=\"gyan-post-image\">\n                    <div class=\"gyan-post-grid-format\"><a href=\"https:\/\/dgpe.gouv.ci\/fr\/renforcement-de-capacite-des-agents-de-la-direction-generale-du-portefeuille-de-letat-dgpe-les-agents-de-la-direction-generale-mieux-outilles-pour-aborder-les-questions-d-2\/\" class=\"gyan-post-grid-image gyan-post-grid-image-effect-zoom\"><img decoding=\"async\" class=\"gyan-ease-transition\" src=\"https:\/\/dgpe.gouv.ci\/fr\/wp-content\/uploads\/2024\/11\/PHOTO-SEMINAIRE-COMM-FCIERE-670x670.jpg\" alt=\"\" \/><\/a>                    <\/div>\n                <\/div>\n\n            \n            <div class=\"gyan-post-content-block gyan-ease-transition\">\n                <div class=\"gyan-post-title-section\">\n                    <div class=\"gyan-post-grid-metas gyan-ease-transition gyan-post-grid-separator-none \"><span class=\"gyan-grid-metas-item\"><span class=\"gyan-postmetas-icon\"><i class=\"fas fa-clock\"><\/i><\/span><span class=\"gyan-postmeta-text\">Oct 30, 2024<\/span><\/span><span class=\"gyan-grid-metas-item\"><span class=\"gyan-love \" data-id=\"15012\"><i class=\"fas fa-heart fas-regular\"><\/i><i class=\"fas fa-heart\"><\/i><span class=\"gyan-like-number\">4<\/span><\/span> Likes<\/span><span class=\"gyan-grid-metas-item\"><span class=\"gyan-postmetas-icon\"><i class=\"fas fa-eye\"><\/i><\/span><span class=\"gyan-postmeta-text\">160 Vues<\/span><\/span><\/div>\n    <div class=\"clear\"><\/div>                        <div class=\"gyan-post-grid-content\">\n\n                            \n                            <div class=\"gyan-post-title\">\n                                <h2><a href=\"https:\/\/dgpe.gouv.ci\/fr\/renforcement-de-capacite-des-agents-de-la-direction-generale-du-portefeuille-de-letat-dgpe-les-agents-de-la-direction-generale-mieux-outilles-pour-aborder-les-questions-d-2\/\" >RENFORCEMENT DE CAPACITE SENSIBILISATION DES AUDITEURS INTERNES ET DES PRODUCTEURS DE                                <\/a><\/h2>\n                            <\/div>\n\n                            \n                            \n                                <div class=\"gyan-post-list-excerpt\">\n                                    En vue de sensibiliser les auditeurs internes sur l\u2019importance de leur fonction au sein des                                <\/div>\n\n                            \n                            <div class=\"clear\"><\/div>\n\n                        <\/div>\n                        <div class=\"gyan-post-grid-button-wrap\"><div class=\"gyan-post-grid-button-holder\"><a href=\"https:\/\/dgpe.gouv.ci\/fr\/renforcement-de-capacite-des-agents-de-la-direction-generale-du-portefeuille-de-letat-dgpe-les-agents-de-la-direction-generale-mieux-outilles-pour-aborder-les-questions-d-2\/\" class=\"gyan-post-grid-button gyan-ease-transition gyan-flex\"><span class=\"gyan-post-grid-button-icon gyan-icon\"><i aria-hidden=\"true\" class=\"fas fa-angle-right\"><\/i><\/span><\/a><\/div><\/div>\n                                                <div class=\"clear\"><\/div>\n                <\/div>\n                <div class=\"clear\"><\/div>\n            <\/div>\n            <div class=\"clear\"><\/div>\n        <\/div><div class=\"clear\"><\/div>\n\n    <\/div> <!-- gyan-post-grid-item-inner --><div class=\"clear\"><\/div>\n<\/div> <!-- gyan-post-grid-item -->\n\n<div class=\"clear\"><\/div>\n<div class=\"gyan-post-grid-item gyan-grid-item-wrap cat-146 cat-24\">\n    <div class=\"gyan-post-grid-item-inner gyan-grid-item\">\n\n        <div class=\"gyan-post-grid-item-holder gyan-ease-transition\">\n\n            \n                <div class=\"gyan-post-image\">\n                    <div class=\"gyan-post-grid-format\"><a href=\"https:\/\/dgpe.gouv.ci\/fr\/renforcement-de-capacite-des-agents-de-la-direction-generale-du-portefeuille-de-letat-dgpe-les-agents-de-la-direction-generale-mieux-outilles-pour-aborder-les-questions-d\/\" class=\"gyan-post-grid-image gyan-post-grid-image-effect-zoom\"><img decoding=\"async\" class=\"gyan-ease-transition\" src=\"https:\/\/dgpe.gouv.ci\/fr\/wp-content\/uploads\/2024\/10\/diagnostic-financier-bourse-670x670.jpg\" alt=\"\" \/><\/a>                    <\/div>\n                <\/div>\n\n            \n            <div class=\"gyan-post-content-block gyan-ease-transition\">\n                <div class=\"gyan-post-title-section\">\n                    <div class=\"gyan-post-grid-metas gyan-ease-transition gyan-post-grid-separator-none \"><span class=\"gyan-grid-metas-item\"><span class=\"gyan-postmetas-icon\"><i class=\"fas fa-clock\"><\/i><\/span><span class=\"gyan-postmeta-text\">Oct 25, 2024<\/span><\/span><span class=\"gyan-grid-metas-item\"><span class=\"gyan-love \" data-id=\"14955\"><i class=\"fas fa-heart fas-regular\"><\/i><i class=\"fas fa-heart\"><\/i><span class=\"gyan-like-number\">5<\/span><\/span> Likes<\/span><span class=\"gyan-grid-metas-item\"><span class=\"gyan-postmetas-icon\"><i class=\"fas fa-eye\"><\/i><\/span><span class=\"gyan-postmeta-text\">197 Vues<\/span><\/span><\/div>\n    <div class=\"clear\"><\/div>                        <div class=\"gyan-post-grid-content\">\n\n                            \n                            <div class=\"gyan-post-title\">\n                                <h2><a href=\"https:\/\/dgpe.gouv.ci\/fr\/renforcement-de-capacite-des-agents-de-la-direction-generale-du-portefeuille-de-letat-dgpe-les-agents-de-la-direction-generale-mieux-outilles-pour-aborder-les-questions-d\/\" >RENFORCEMENT DE CAPACITE DES AGENTS DE LA DIRECTION GENERALE DU PORTEFEUILLE DE L\u2019ETAT                                <\/a><\/h2>\n                            <\/div>\n\n                            \n                            \n                                <div class=\"gyan-post-list-excerpt\">\n                                    En vue d\u2019assurer efficacement sa mission de suivi de la gestion des entreprises publiques et                                <\/div>\n\n                            \n                            <div class=\"clear\"><\/div>\n\n                        <\/div>\n                        <div class=\"gyan-post-grid-button-wrap\"><div class=\"gyan-post-grid-button-holder\"><a href=\"https:\/\/dgpe.gouv.ci\/fr\/renforcement-de-capacite-des-agents-de-la-direction-generale-du-portefeuille-de-letat-dgpe-les-agents-de-la-direction-generale-mieux-outilles-pour-aborder-les-questions-d\/\" class=\"gyan-post-grid-button gyan-ease-transition gyan-flex\"><span class=\"gyan-post-grid-button-icon gyan-icon\"><i aria-hidden=\"true\" class=\"fas fa-angle-right\"><\/i><\/span><\/a><\/div><\/div>\n                                                <div class=\"clear\"><\/div>\n                <\/div>\n                <div class=\"clear\"><\/div>\n            <\/div>\n            <div class=\"clear\"><\/div>\n        <\/div><div class=\"clear\"><\/div>\n\n    <\/div> <!-- gyan-post-grid-item-inner --><div class=\"clear\"><\/div>\n<\/div> <!-- gyan-post-grid-item -->\n\n<div class=\"clear\"><\/div>\n<div class=\"gyan-post-grid-item gyan-grid-item-wrap cat-146 cat-24\">\n    <div class=\"gyan-post-grid-item-inner gyan-grid-item\">\n\n        <div class=\"gyan-post-grid-item-holder gyan-ease-transition\">\n\n            \n                <div class=\"gyan-post-image\">\n                    <div class=\"gyan-post-grid-format\"><a href=\"https:\/\/dgpe.gouv.ci\/fr\/prix-national-dexcellence-pne-editdiner-gala-de-la-6eme-edition-du-prix-dexcellence-de-la-gouvernance-et-de-la-performance-des-entreprises-publiques-le-ministre-moussa-sanogo-recompense-les\/\" class=\"gyan-post-grid-image gyan-post-grid-image-effect-zoom\"><img decoding=\"async\" class=\"gyan-ease-transition\" src=\"https:\/\/dgpe.gouv.ci\/fr\/wp-content\/uploads\/2024\/10\/prix-gouvernance-6-670x594.jpg\" alt=\"\" \/><\/a>                    <\/div>\n                <\/div>\n\n            \n            <div class=\"gyan-post-content-block gyan-ease-transition\">\n                <div class=\"gyan-post-title-section\">\n                    <div class=\"gyan-post-grid-metas gyan-ease-transition gyan-post-grid-separator-none \"><span class=\"gyan-grid-metas-item\"><span class=\"gyan-postmetas-icon\"><i class=\"fas fa-clock\"><\/i><\/span><span class=\"gyan-postmeta-text\">Oct 4, 2024<\/span><\/span><span class=\"gyan-grid-metas-item\"><span class=\"gyan-love \" data-id=\"14882\"><i class=\"fas fa-heart fas-regular\"><\/i><i class=\"fas fa-heart\"><\/i><span class=\"gyan-like-number\">3<\/span><\/span> Likes<\/span><span class=\"gyan-grid-metas-item\"><span class=\"gyan-postmetas-icon\"><i class=\"fas fa-eye\"><\/i><\/span><span class=\"gyan-postmeta-text\">196 Vues<\/span><\/span><\/div>\n    <div class=\"clear\"><\/div>                        <div class=\"gyan-post-grid-content\">\n\n                            \n                            <div class=\"gyan-post-title\">\n                                <h2><a href=\"https:\/\/dgpe.gouv.ci\/fr\/prix-national-dexcellence-pne-editdiner-gala-de-la-6eme-edition-du-prix-dexcellence-de-la-gouvernance-et-de-la-performance-des-entreprises-publiques-le-ministre-moussa-sanogo-recompense-les\/\" >DINER GALA DE LA 6\u00e8me EDITION DU PRIX D\u2019EXCELLENCE DE LA GOUVERNANCE ET DE LA                                <\/a><\/h2>\n                            <\/div>\n\n                            \n                            \n                                <div class=\"gyan-post-list-excerpt\">\n                                    Dans ses efforts d\u2019encouragement de la performance et de la gouvernance des entreprises                                <\/div>\n\n                            \n                            <div class=\"clear\"><\/div>\n\n                        <\/div>\n                        <div class=\"gyan-post-grid-button-wrap\"><div class=\"gyan-post-grid-button-holder\"><a href=\"https:\/\/dgpe.gouv.ci\/fr\/prix-national-dexcellence-pne-editdiner-gala-de-la-6eme-edition-du-prix-dexcellence-de-la-gouvernance-et-de-la-performance-des-entreprises-publiques-le-ministre-moussa-sanogo-recompense-les\/\" class=\"gyan-post-grid-button gyan-ease-transition gyan-flex\"><span class=\"gyan-post-grid-button-icon gyan-icon\"><i aria-hidden=\"true\" class=\"fas fa-angle-right\"><\/i><\/span><\/a><\/div><\/div>\n                                                <div class=\"clear\"><\/div>\n                <\/div>\n                <div class=\"clear\"><\/div>\n            <\/div>\n            <div class=\"clear\"><\/div>\n        <\/div><div class=\"clear\"><\/div>\n\n    <\/div> <!-- gyan-post-grid-item-inner --><div class=\"clear\"><\/div>\n<\/div> <!-- gyan-post-grid-item -->\n\n<div class=\"clear\"><\/div>\n<div class=\"gyan-post-grid-item gyan-grid-item-wrap cat-146 cat-24\">\n    <div class=\"gyan-post-grid-item-inner gyan-grid-item\">\n\n        <div class=\"gyan-post-grid-item-holder gyan-ease-transition\">\n\n            \n                <div class=\"gyan-post-image\">\n                    <div class=\"gyan-post-grid-format\"><a href=\"https:\/\/dgpe.gouv.ci\/fr\/prix-national-dexcellence-pne-edition-2024-la-direction-generale-du-portefeuille-de-letat-a-lhonneur\/\" class=\"gyan-post-grid-image gyan-post-grid-image-effect-zoom\"><img decoding=\"async\" class=\"gyan-ease-transition\" src=\"https:\/\/dgpe.gouv.ci\/fr\/wp-content\/uploads\/2024\/08\/PHOTO-PRIX-EXCELLENCE-670x670.jpg\" alt=\"\" \/><\/a>                    <\/div>\n                <\/div>\n\n            \n            <div class=\"gyan-post-content-block gyan-ease-transition\">\n                <div class=\"gyan-post-title-section\">\n                    <div class=\"gyan-post-grid-metas gyan-ease-transition gyan-post-grid-separator-none \"><span class=\"gyan-grid-metas-item\"><span class=\"gyan-postmetas-icon\"><i class=\"fas fa-clock\"><\/i><\/span><span class=\"gyan-postmeta-text\">Ao\u00fbt 12, 2024<\/span><\/span><span class=\"gyan-grid-metas-item\"><span class=\"gyan-love \" data-id=\"14694\"><i class=\"fas fa-heart fas-regular\"><\/i><i class=\"fas fa-heart\"><\/i><span class=\"gyan-like-number\">3<\/span><\/span> Likes<\/span><span class=\"gyan-grid-metas-item\"><span class=\"gyan-postmetas-icon\"><i class=\"fas fa-eye\"><\/i><\/span><span class=\"gyan-postmeta-text\">171 Vues<\/span><\/span><\/div>\n    <div class=\"clear\"><\/div>                        <div class=\"gyan-post-grid-content\">\n\n                            \n                            <div class=\"gyan-post-title\">\n                                <h2><a href=\"https:\/\/dgpe.gouv.ci\/fr\/prix-national-dexcellence-pne-edition-2024-la-direction-generale-du-portefeuille-de-letat-a-lhonneur\/\" >PRIX NATIONAL D\u2019EXCELLENCE (PNE) Edition 2024 \u00ab LA DIRECTION GENERALE DU PORTEFEUILLE                                <\/a><\/h2>\n                            <\/div>\n\n                            \n                            \n                                <div class=\"gyan-post-list-excerpt\">\n                                    Le lundi 05 ao\u00fbt 2024 s\u2019est tenue \u00e0 la salle des Pas perdus du Palais pr\u00e9sidentiel, la                                <\/div>\n\n                            \n                            <div class=\"clear\"><\/div>\n\n                        <\/div>\n                        <div class=\"gyan-post-grid-button-wrap\"><div class=\"gyan-post-grid-button-holder\"><a href=\"https:\/\/dgpe.gouv.ci\/fr\/prix-national-dexcellence-pne-edition-2024-la-direction-generale-du-portefeuille-de-letat-a-lhonneur\/\" class=\"gyan-post-grid-button gyan-ease-transition gyan-flex\"><span class=\"gyan-post-grid-button-icon gyan-icon\"><i aria-hidden=\"true\" class=\"fas fa-angle-right\"><\/i><\/span><\/a><\/div><\/div>\n                                                <div class=\"clear\"><\/div>\n                <\/div>\n                <div class=\"clear\"><\/div>\n            <\/div>\n            <div class=\"clear\"><\/div>\n        <\/div><div class=\"clear\"><\/div>\n\n    <\/div> <!-- gyan-post-grid-item-inner --><div class=\"clear\"><\/div>\n<\/div> <!-- gyan-post-grid-item -->\n\n<div class=\"clear\"><\/div>\n<div class=\"gyan-post-grid-item gyan-grid-item-wrap cat-146 cat-24\">\n    <div class=\"gyan-post-grid-item-inner gyan-grid-item\">\n\n        <div class=\"gyan-post-grid-item-holder gyan-ease-transition\">\n\n            \n                <div class=\"gyan-post-image\">\n                    <div class=\"gyan-post-grid-format\"><a href=\"https:\/\/dgpe.gouv.ci\/fr\/la-direction-generale-du-portefeuille-de-letat-organise-le-seminaire-de-validation-des-avant-projets-de-textes-inscrits-dans-la-feuille-de-route-du-mppeep\/\" class=\"gyan-post-grid-image gyan-post-grid-image-effect-zoom\"><img decoding=\"async\" class=\"gyan-ease-transition\" src=\"https:\/\/dgpe.gouv.ci\/fr\/wp-content\/uploads\/2024\/08\/FEUILLE-DE-ROUTE-DU-MPPEEP-670x667.jpg\" alt=\"\" \/><\/a>                    <\/div>\n                <\/div>\n\n            \n            <div class=\"gyan-post-content-block gyan-ease-transition\">\n                <div class=\"gyan-post-title-section\">\n                    <div class=\"gyan-post-grid-metas gyan-ease-transition gyan-post-grid-separator-none \"><span class=\"gyan-grid-metas-item\"><span class=\"gyan-postmetas-icon\"><i class=\"fas fa-clock\"><\/i><\/span><span class=\"gyan-postmeta-text\">Ao\u00fbt 8, 2024<\/span><\/span><span class=\"gyan-grid-metas-item\"><span class=\"gyan-love \" data-id=\"14687\"><i class=\"fas fa-heart fas-regular\"><\/i><i class=\"fas fa-heart\"><\/i><span class=\"gyan-like-number\">13<\/span><\/span> Likes<\/span><span class=\"gyan-grid-metas-item\"><span class=\"gyan-postmetas-icon\"><i class=\"fas fa-eye\"><\/i><\/span><span class=\"gyan-postmeta-text\">145 Vues<\/span><\/span><\/div>\n    <div class=\"clear\"><\/div>                        <div class=\"gyan-post-grid-content\">\n\n                            \n                            <div class=\"gyan-post-title\">\n                                <h2><a href=\"https:\/\/dgpe.gouv.ci\/fr\/la-direction-generale-du-portefeuille-de-letat-organise-le-seminaire-de-validation-des-avant-projets-de-textes-inscrits-dans-la-feuille-de-route-du-mppeep\/\" >LA DIRECTION GENERALE DU PORTEFEUILLE DE L\u2019ETAT ORGANISE LE SEMINAIRE DE VALIDATION DES                                <\/a><\/h2>\n                            <\/div>\n\n                            \n                            \n                                <div class=\"gyan-post-list-excerpt\">\n                                    La Direction G\u00e9n\u00e9rale du Portefeuille de l\u2019Etat, \u00e0 travers sa Direction des Affaires                                <\/div>\n\n                            \n                            <div class=\"clear\"><\/div>\n\n                        <\/div>\n                        <div class=\"gyan-post-grid-button-wrap\"><div class=\"gyan-post-grid-button-holder\"><a href=\"https:\/\/dgpe.gouv.ci\/fr\/la-direction-generale-du-portefeuille-de-letat-organise-le-seminaire-de-validation-des-avant-projets-de-textes-inscrits-dans-la-feuille-de-route-du-mppeep\/\" class=\"gyan-post-grid-button gyan-ease-transition gyan-flex\"><span class=\"gyan-post-grid-button-icon gyan-icon\"><i aria-hidden=\"true\" class=\"fas fa-angle-right\"><\/i><\/span><\/a><\/div><\/div>\n                                                <div class=\"clear\"><\/div>\n                <\/div>\n                <div class=\"clear\"><\/div>\n            <\/div>\n            <div class=\"clear\"><\/div>\n        <\/div><div class=\"clear\"><\/div>\n\n    <\/div> <!-- gyan-post-grid-item-inner --><div class=\"clear\"><\/div>\n<\/div> <!-- gyan-post-grid-item -->\n\n<div class=\"clear\"><\/div>            <\/div><div class=\"clear\"><\/div>\n        <\/div>\n\n                      <div class=\"gyan-pagination-holder\"><div class=\"gyan-pagination-wrap\"><div class=\"gyan-pagination\"><span aria-current=\"page\" class=\"page-numbers current\">1<\/span>\n<a class=\"page-numbers\" href=\"https:\/\/dgpe.gouv.ci\/fr\/wp-json\/wp\/v2\/pages\/12435\/page\/2\/\">2<\/a>\n<a class=\"next page-numbers\" href=\"https:\/\/dgpe.gouv.ci\/fr\/wp-json\/wp\/v2\/pages\/12435\/page\/2\/\"><span class=\"gyan_pg_next\"><\/span> <i class=\"fas fa-angle-double-right\"><\/i><\/a><div class=\"clear\"><\/div><\/div><\/div><\/div>\n        \n        \t\t\t\t<\/div>\n\t\t\t\t<\/div>\n\t\t\t\t\t<\/div>\n\t\t<\/div>\n\t\t\t\t\t<\/div>\n\t\t<\/section>\n\t\t\t\t<\/div>\n\t\t","protected":false},"excerpt":{"rendered":"<p>Jan 17, 20244 Likes193 Vues RENFORCEMENT DES CAPACITES DES AGENTS DE LA DIRECTION GENERALE DU PORTEFEUILLE DE Le cabinet d\u2019audit KPMG instruit des agents de la Direction G\u00e9n\u00e9rale du Portefeuille de D\u00e9c 28, 20234 Likes191 Vues FORMATION DES COMITES D\u2019AUDIT ET DE GESTION DES RISQUES DES ENTREPRISES PUBLIQUES \u00ab\u00a0Les Administrateurs [&hellip;]<\/p>\n","protected":false},"author":1,"featured_media":0,"parent":0,"menu_order":0,"comment_status":"closed","ping_status":"closed","template":"elementor_header_footer","meta":{"footnotes":""},"class_list":["post-12435","page","type-page","status-publish","hentry"],"_links":{"self":[{"href":"https:\/\/dgpe.gouv.ci\/fr\/wp-json\/wp\/v2\/pages\/12435","targetHints":{"allow":["GET"]}}],"collection":[{"href":"https:\/\/dgpe.gouv.ci\/fr\/wp-json\/wp\/v2\/pages"}],"about":[{"href":"https:\/\/dgpe.gouv.ci\/fr\/wp-json\/wp\/v2\/types\/page"}],"author":[{"embeddable":true,"href":"https:\/\/dgpe.gouv.ci\/fr\/wp-json\/wp\/v2\/users\/1"}],"replies":[{"embeddable":true,"href":"https:\/\/dgpe.gouv.ci\/fr\/wp-json\/wp\/v2\/comments?post=12435"}],"version-history":[{"count":0,"href":"https:\/\/dgpe.gouv.ci\/fr\/wp-json\/wp\/v2\/pages\/12435\/revisions"}],"wp:attachment":[{"href":"https:\/\/dgpe.gouv.ci\/fr\/wp-json\/wp\/v2\/media?parent=12435"}],"curies":[{"name":"wp","href":"https:\/\/api.w.org\/{rel}","templated":true}]}}