{"id":2311,"date":"2021-11-19T00:29:46","date_gmt":"2021-11-19T00:29:46","guid":{"rendered":"https:\/\/dgpe.gouv.ci\/fr\/?page_id=2311"},"modified":"2026-02-17T17:11:17","modified_gmt":"2026-02-17T17:11:17","slug":"historique","status":"publish","type":"page","link":"https:\/\/dgpe.gouv.ci\/fr\/historique\/","title":{"rendered":"Historique"},"content":{"rendered":"\t\t<div data-elementor-type=\"wp-page\" data-elementor-id=\"2311\" class=\"elementor elementor-2311\" data-elementor-post-type=\"page\">\n\t\t\t\t\t\t<section data-exad-particle-enable=\"false\" class=\"elementor-section elementor-top-section elementor-element elementor-element-c97afd9 elementor-section-stretched elementor-section-boxed elementor-section-height-default elementor-section-height-default exad-parallax-effect-no exad-background-color-change-no exad-glass-effect-no exad-sticky-section-no\" data-id=\"c97afd9\" data-element_type=\"section\" data-e-type=\"section\" data-settings=\"{&quot;stretch_section&quot;:&quot;section-stretched&quot;}\">\n\t\t\t\t\t\t<div class=\"elementor-container elementor-column-gap-no\">\n\t\t\t\t\t<div class=\"elementor-column elementor-col-100 elementor-top-column elementor-element elementor-element-7f86d0a exad-glass-effect-no exad-sticky-section-no\" data-id=\"7f86d0a\" data-element_type=\"column\" data-e-type=\"column\">\n\t\t\t<div class=\"elementor-widget-wrap elementor-element-populated\">\n\t\t\t\t\t\t<section data-exad-particle-enable=\"false\" class=\"elementor-section elementor-inner-section elementor-element elementor-element-ffff041 elementor-section-boxed elementor-section-height-default elementor-section-height-default exad-parallax-effect-no exad-background-color-change-no exad-glass-effect-no exad-sticky-section-no\" data-id=\"ffff041\" data-element_type=\"section\" data-e-type=\"section\" data-settings=\"{&quot;background_background&quot;:&quot;classic&quot;}\">\n\t\t\t\t\t\t<div class=\"elementor-container elementor-column-gap-no\">\n\t\t\t\t\t<div class=\"elementor-column elementor-col-50 elementor-inner-column elementor-element elementor-element-340a827 exad-glass-effect-no exad-sticky-section-no\" data-id=\"340a827\" data-element_type=\"column\" data-e-type=\"column\">\n\t\t\t<div class=\"elementor-widget-wrap elementor-element-populated\">\n\t\t\t\t\t\t<div class=\"elementor-element elementor-element-3d0fba9 gyan-title-st-line-after exad-sticky-section-no exad-glass-effect-no elementor-widget elementor-widget-gyan_title\" data-id=\"3d0fba9\" data-element_type=\"widget\" data-e-type=\"widget\" data-widget_type=\"gyan_title.default\">\n\t\t\t\t<div class=\"elementor-widget-container\">\n\t\t\t\t\t\t\t<div class=\"gyan-title\">\r\n\t\t\t<div class=\"gyan-title-subtitle\"><span>Historique<\/span><\/div><h2 class=\"gyan-title-heading\">Qui Sommes-nous ?<\/h2>\t\t<\/div>\r\n\t\t\t\t\t\t<\/div>\n\t\t\t\t<\/div>\n\t\t\t\t\t<\/div>\n\t\t<\/div>\n\t\t\t\t<div class=\"elementor-column elementor-col-50 elementor-inner-column elementor-element elementor-element-4334e18 exad-glass-effect-no exad-sticky-section-no\" data-id=\"4334e18\" data-element_type=\"column\" data-e-type=\"column\">\n\t\t\t<div class=\"elementor-widget-wrap elementor-element-populated\">\n\t\t\t\t\t\t<div class=\"elementor-element elementor-element-3891236 exad-sticky-section-no exad-glass-effect-no elementor-widget elementor-widget-text-editor\" data-id=\"3891236\" data-element_type=\"widget\" data-e-type=\"widget\" data-widget_type=\"text-editor.default\">\n\t\t\t\t<div class=\"elementor-widget-container\">\n\t\t\t\t\t\t\t\t\t<p>La cr\u00e9ation par l\u2019Etat de C\u00f4te d\u2019Ivoire d\u2019un important secteur parapublic couvrant tous les domaines de l\u2019\u00e9conomie nationale avait pour but d\u2019acc\u00e9l\u00e9rer le processus de d\u00e9veloppement \u00e9conomique du pays.<\/p>\t\t\t\t\t\t\t\t<\/div>\n\t\t\t\t<\/div>\n\t\t\t\t\t<\/div>\n\t\t<\/div>\n\t\t\t\t\t<\/div>\n\t\t<\/section>\n\t\t\t\t\t<\/div>\n\t\t<\/div>\n\t\t\t\t\t<\/div>\n\t\t<\/section>\n\t\t\t\t<section data-exad-particle-enable=\"false\" class=\"elementor-section elementor-top-section elementor-element elementor-element-509ae02 elementor-section-boxed elementor-section-height-default elementor-section-height-default exad-parallax-effect-no exad-background-color-change-no exad-glass-effect-no exad-sticky-section-no\" data-id=\"509ae02\" data-element_type=\"section\" data-e-type=\"section\">\n\t\t\t\t\t\t<div class=\"elementor-container elementor-column-gap-default\">\n\t\t\t\t\t<div class=\"elementor-column elementor-col-100 elementor-top-column elementor-element elementor-element-1f2f0ba exad-glass-effect-no exad-sticky-section-no\" data-id=\"1f2f0ba\" data-element_type=\"column\" data-e-type=\"column\">\n\t\t\t<div class=\"elementor-widget-wrap elementor-element-populated\">\n\t\t\t\t\t\t<div class=\"elementor-element elementor-element-f11e37c exad-sticky-section-no exad-glass-effect-no elementor-invisible elementor-widget elementor-widget-timeline-widget-addon\" data-id=\"f11e37c\" data-element_type=\"widget\" data-e-type=\"widget\" data-settings=\"{&quot;_animation&quot;:&quot;fadeInUp&quot;}\" data-widget_type=\"timeline-widget-addon.default\">\n\t\t\t\t<div class=\"elementor-widget-container\">\n\t\t\t\t\t<!-- ========= Timeline Widget Addon For Elementor 1.6.23 ========= -->\n<div id=\"twae-wrapper-f11e37c\" class=\"twae-vertical twae-wrapper  twae-both-sided\">   \n    <div class=\"twae-start\"><\/div>    \n    <div id=\"twea-timeline-f11e37c\" class=\"twae-timeline\" ><!-- Start of Story Repeater Content --><div id=\"story-ec595c3\" class=\"twae-story twae-repeater-item twae-story-right twae-story-no-icon\"><!-- Story Label --><div class=\"twae-labels\"><div class=\"twae-label-big\">1963 - 1980<\/div><div class=\"twae-label-small\">Cr\u00e9ation<\/div><\/div><!-- Story Icon --><div class=\"twae-icon\"><i aria-hidden=\"true\" class=\"fas fa-home\"><\/i><\/div><!-- Story Arrow --><div class=\"twae-arrow\"><\/div><!-- Start of Story Content --><div class=\"twae-content\"><!-- Story Title --><div class=\"twae-title\">DE LA CREATION A LA DISSOLUTION DE LA SOCIETE NATIONALE DE FINANCEMENT (SONAFI)<\/div><!-- Story Image --><div class=\"twae-media large\"><img fetchpriority=\"high\" decoding=\"async\" width=\"800\" height=\"600\" src=\"https:\/\/dgpe.gouv.ci\/fr\/wp-content\/uploads\/2021\/12\/abidjan_1960.jpg\" class=\"attachment-large size-large\" alt=\"\" srcset=\"https:\/\/dgpe.gouv.ci\/fr\/wp-content\/uploads\/2021\/12\/abidjan_1960.jpg 800w, https:\/\/dgpe.gouv.ci\/fr\/wp-content\/uploads\/2021\/12\/abidjan_1960-300x225.jpg 300w, https:\/\/dgpe.gouv.ci\/fr\/wp-content\/uploads\/2021\/12\/abidjan_1960-768x576.jpg 768w\" sizes=\"(max-width: 800px) 100vw, 800px\" \/><\/div><!-- Story Description --><div class=\"twae-description\"><p style=\"text-align: justify\">Dans le but d\u2019acc\u00e9l\u00e9rer le processus de d\u00e9veloppement \u00e9conomique du pays, l\u2019Etat de C\u00f4te d\u2019Ivoire a proc\u00e9d\u00e9 \u00e0 la cr\u00e9ation de la Soci\u00e9t\u00e9 Nationale de Financement (SONAFI) afin de porter les participations de l\u2019Etat de C\u00f4te d\u2019Ivoire dans les soci\u00e9t\u00e9s op\u00e9rant dans les diff\u00e9rents secteurs de l\u2019\u00e9conomie nationale. Sous l\u2019impulsion de la SONAFI, les Entreprises Publiques ont fortement contribu\u00e9 \u00e0 la croissance \u00e9conomique et particip\u00e9 au \"miracle ivoirien\".<\/p><p style=\"text-align: left\">Les performances \u00e9conomiques et financi\u00e8res attendues de la SONAFI, n\u2019ayant pas totalement r\u00e9pondues aux attentes de l\u2019Etat Ivoirien, cette structure fut dissoute par d\u00e9cret n\u00b080-997 du 20 ao\u00fbt 1980 portant dissolution de la soci\u00e9t\u00e9 d\u2019Etat d\u00e9nomm\u00e9e \u00ab Soci\u00e9t\u00e9 Nationale de Financement \u00bb.<\/p><\/div><\/div><\/div><!-- Start of Story Repeater Content --><div id=\"story-2320aa4\" class=\"twae-story twae-repeater-item twae-story-left twae-story-no-icon\"><!-- Story Label --><div class=\"twae-labels\"><div class=\"twae-label-big\">1980<\/div><div class=\"twae-label-small\">Restructuration<\/div><\/div><!-- Story Icon --><div class=\"twae-icon\"><i aria-hidden=\"true\" class=\"fas fa-home\"><\/i><\/div><!-- Story Arrow --><div class=\"twae-arrow\"><\/div><!-- Start of Story Content --><div class=\"twae-content\"><!-- Story Title --><div class=\"twae-title\">LES DIFFERENTS ORGANES DE GESTION DU PORTEFEUILLE DE L\u2019ETAT APRES DISSOLUTION DE LA SONAFI<\/div><!-- Story Image --><div class=\"twae-media large\"><img decoding=\"async\" width=\"600\" height=\"371\" src=\"https:\/\/dgpe.gouv.ci\/fr\/wp-content\/uploads\/2023\/06\/gouvernement-1977.jpg\" class=\"attachment-large size-large\" alt=\"\" srcset=\"https:\/\/dgpe.gouv.ci\/fr\/wp-content\/uploads\/2023\/06\/gouvernement-1977.jpg 600w, https:\/\/dgpe.gouv.ci\/fr\/wp-content\/uploads\/2023\/06\/gouvernement-1977-300x186.jpg 300w\" sizes=\"(max-width: 600px) 100vw, 600px\" \/><\/div><!-- Story Description --><div class=\"twae-description\"><p style=\"text-align: justify\">Le suivi et la gestion financi\u00e8re du Portefeuille de l\u2019Etat furent confi\u00e9s \u00e0 un cabinet d\u2019\u00e9tudes d\u00e9nomm\u00e9 CEGOS (Cabinet d\u2019Etudes, de Gestion et d\u2019Organisation de Soci\u00e9t\u00e9s). Quant \u00e0 la gestion administrative du Portefeuille de l\u2019Etat, elle fut confi\u00e9e \u00e0 la Direction des Participations et de la Privatisation (DPP) du Minist\u00e8re de l\u2019Economie et des Finances.<\/p>\n<p style=\"text-align: left\">Les attributions de la DPP se sont accrues par la suite pour embrasser tout le secteur parapublic. La Direction des Participations devenait ainsi la Direction du Contr\u00f4le du Secteur Parapublic (DCSP) au d\u00e9but des ann\u00e9es 1980.<\/p><\/div><\/div><\/div><!-- Start of Story Repeater Content --><div id=\"story-a263467\" class=\"twae-story twae-repeater-item twae-story-right twae-story-no-icon\"><!-- Story Label --><div class=\"twae-labels\"><div class=\"twae-label-big\">1990<\/div><div class=\"twae-label-small\">Changements<\/div><\/div><!-- Story Icon --><div class=\"twae-icon\"><i aria-hidden=\"true\" class=\"fas fa-home\"><\/i><\/div><!-- Story Arrow --><div class=\"twae-arrow\"><\/div><!-- Start of Story Content --><div class=\"twae-content\"><!-- Story Title --><div class=\"twae-title\">DE LA DCSP A LA DIRECTION DU CONTR\u00d4LE DU SECTEUR PARAPUBLIC, DE LA PRIVATISATION ET DU CONTR\u00d4LE BUDGETAIRE (DCSPPPCB)<\/div><!-- Story Image --><div class=\"twae-media large\"><img decoding=\"async\" width=\"600\" height=\"361\" src=\"https:\/\/dgpe.gouv.ci\/fr\/wp-content\/uploads\/2021\/12\/abidjan-1990.jpg\" class=\"attachment-large size-large\" alt=\"\" srcset=\"https:\/\/dgpe.gouv.ci\/fr\/wp-content\/uploads\/2021\/12\/abidjan-1990.jpg 600w, https:\/\/dgpe.gouv.ci\/fr\/wp-content\/uploads\/2021\/12\/abidjan-1990-300x181.jpg 300w\" sizes=\"(max-width: 600px) 100vw, 600px\" \/><\/div><!-- Story Description --><div class=\"twae-description\"><p style=\"text-align: justify\">Au d\u00e9but des ann\u00e9es 1990, pour tenir compte de la politique de d\u00e9sengagement de l\u2019Etat, le volet privatisation fut ajout\u00e9 aux attributions de la Direction du Contr\u00f4le du Secteur Parapublic. La direction prend alors la d\u00e9nomination de Direction du Contr\u00f4le du Secteur Parapublic, de la Privatisation et du Contr\u00f4le Budg\u00e9taire (DCSPPPCB).<\/p><\/div><\/div><\/div><!-- Start of Story Repeater Content --><div id=\"story-497405e\" class=\"twae-story twae-repeater-item twae-story-left twae-story-no-icon\"><!-- Story Label --><div class=\"twae-labels\"><div class=\"twae-label-big\">1996<\/div><div class=\"twae-label-small\">Restructuration<\/div><\/div><!-- Story Icon --><div class=\"twae-icon\"><i aria-hidden=\"true\" class=\"fas fa-home\"><\/i><\/div><!-- Story Arrow --><div class=\"twae-arrow\"><\/div><!-- Start of Story Content --><div class=\"twae-content\"><!-- Story Title --><div class=\"twae-title\">LA SCISSION DE LA DCSPPPCB EN DIRECTION DU CONTR\u00d4LE BUDGETAIRE ET EN DIRECTION DES PARTICIPATIONS ET DE LA PRIVATISATION<\/div><!-- Story Image --><div class=\"twae-media large\"><img loading=\"lazy\" decoding=\"async\" width=\"634\" height=\"374\" src=\"https:\/\/dgpe.gouv.ci\/fr\/wp-content\/uploads\/2021\/12\/abidjan-1996.jpg\" class=\"attachment-large size-large\" alt=\"\" srcset=\"https:\/\/dgpe.gouv.ci\/fr\/wp-content\/uploads\/2021\/12\/abidjan-1996.jpg 634w, https:\/\/dgpe.gouv.ci\/fr\/wp-content\/uploads\/2021\/12\/abidjan-1996-300x177.jpg 300w\" sizes=\"(max-width: 634px) 100vw, 634px\" \/><\/div><!-- Story Description --><div class=\"twae-description\"><p style=\"text-align: justify\"><span class=\"menuacc\">Sur recommandation des bailleurs de fonds, la Direction du Contr\u00f4le du Secteur Parapublic, de la Privatisation et du Contr\u00f4le Budg\u00e9taire (DCSPPPCB) fut scind\u00e9e en deux directions :<\/span><\/p>\n\n<ul>\n \t<li style=\"text-align: left\"><em>La Direction du Contr\u00f4le Budg\u00e9taire, rattach\u00e9e \u00e0 la Direction G\u00e9n\u00e9rale du Budget et des Finances, charg\u00e9 du suivi des EPN ;<\/em><\/li>\n \t<li style=\"text-align: left\"><em>La Direction des Participations et de la Privatisation (DPP), rattach\u00e9e au Cabinet du Ministre de l\u2019Economie et des Finances, charg\u00e9 du suivi des SODE et SPFP.<\/em><\/li>\n<\/ul><\/div><\/div><\/div><!-- Start of Story Repeater Content --><div id=\"story-057ef35\" class=\"twae-story twae-repeater-item twae-story-right twae-story-no-icon\"><!-- Story Label --><div class=\"twae-labels\"><div class=\"twae-label-big\">2001<\/div><div class=\"twae-label-small\">Rattachement<\/div><\/div><!-- Story Icon --><div class=\"twae-icon\"><i aria-hidden=\"true\" class=\"fas fa-home\"><\/i><\/div><!-- Story Arrow --><div class=\"twae-arrow\"><\/div><!-- Start of Story Content --><div class=\"twae-content\"><!-- Story Title --><div class=\"twae-title\">LA DPP PASSE SOUS LE COUVERT DE LA DIRECTION GENERALE DE L\u2019ECONOMIE <\/div><!-- Story Image --><div class=\"twae-media large\"><img loading=\"lazy\" decoding=\"async\" width=\"900\" height=\"490\" src=\"https:\/\/dgpe.gouv.ci\/fr\/wp-content\/uploads\/2021\/12\/logo_dpp1.jpg\" class=\"attachment-large size-large\" alt=\"\" srcset=\"https:\/\/dgpe.gouv.ci\/fr\/wp-content\/uploads\/2021\/12\/logo_dpp1.jpg 900w, https:\/\/dgpe.gouv.ci\/fr\/wp-content\/uploads\/2021\/12\/logo_dpp1-300x163.jpg 300w, https:\/\/dgpe.gouv.ci\/fr\/wp-content\/uploads\/2021\/12\/logo_dpp1-768x418.jpg 768w\" sizes=\"(max-width: 900px) 100vw, 900px\" \/><\/div><!-- Story Description --><div class=\"twae-description\"><p style=\"text-align: justify\">En 2001, conform\u00e9ment au d\u00e9cret n\u00b02001-210 du 4 mai 2001 portant organisation du Minist\u00e8re de l\u2019Economie et des Finances, la DPP est rattach\u00e9e \u00e0 la Direction G\u00e9n\u00e9rale de l\u2019Economie, avec un statut de Direction Centrale.<\/p><\/div><\/div><\/div><!-- Start of Story Repeater Content --><div id=\"story-fd8d241\" class=\"twae-story twae-repeater-item twae-story-left twae-story-no-icon\"><!-- Story Label --><div class=\"twae-labels\"><div class=\"twae-label-big\">2013<\/div><div class=\"twae-label-small\">Fin Rattachement<\/div><\/div><!-- Story Icon --><div class=\"twae-icon\"><i aria-hidden=\"true\" class=\"fas fa-home\"><\/i><\/div><!-- Story Arrow --><div class=\"twae-arrow\"><\/div><!-- Start of Story Content --><div class=\"twae-content\"><!-- Story Title --><div class=\"twae-title\">LE RATTACHEMENT DE LA DPP AU MINISTERE AUPRES DU PREMIER MINISTRE CHARGE DU BUDGET ET DU PORTEFEUILLE DE L\u2019ETAT<\/div><!-- Story Image --><div class=\"twae-media large\"><img loading=\"lazy\" decoding=\"async\" width=\"600\" height=\"417\" src=\"https:\/\/dgpe.gouv.ci\/fr\/wp-content\/uploads\/2021\/12\/ministre1.jpg\" class=\"attachment-large size-large\" alt=\"\" srcset=\"https:\/\/dgpe.gouv.ci\/fr\/wp-content\/uploads\/2021\/12\/ministre1.jpg 600w, https:\/\/dgpe.gouv.ci\/fr\/wp-content\/uploads\/2021\/12\/ministre1-300x209.jpg 300w, https:\/\/dgpe.gouv.ci\/fr\/wp-content\/uploads\/2021\/12\/ministre1-100x70.jpg 100w\" sizes=\"(max-width: 600px) 100vw, 600px\" \/><\/div><!-- Story Description --><div class=\"twae-description\"><p style=\"text-align: justify\">Le rattachement de la DPP au Minist\u00e8re de l\u2019Economie et des Finances prend fin avec l\u2019av\u00e8nement du d\u00e9cret 2013-802 du 23 novembre 2013, qui place d\u00e9sormais la DPP sous la tutelle du Minist\u00e8re aupr\u00e8s du Premier Ministre Charg\u00e9 du Budget et du Portefeuille de l\u2019Etat.<\/p><\/div><\/div><\/div><!-- Start of Story Repeater Content --><div id=\"story-30d62c4\" class=\"twae-story twae-repeater-item twae-story-right twae-story-no-icon\"><!-- Story Label --><div class=\"twae-labels\"><div class=\"twae-label-big\">2016<\/div><div class=\"twae-label-small\">Restructuration<\/div><\/div><!-- Story Icon --><div class=\"twae-icon\"><i aria-hidden=\"true\" class=\"fas fa-home\"><\/i><\/div><!-- Story Arrow --><div class=\"twae-arrow\"><\/div><!-- Start of Story Content --><div class=\"twae-content\"><!-- Story Title --><div class=\"twae-title\">TRANSFORMATION DE LA DPP EN DIRECTION GENERALE DU PORTFEUILLE DE L\u2019ETAT ET ELABORATION D\u2019UNE NOUVELLE STRATEGIE DE GESTION <\/div><!-- Story Image --><div class=\"twae-media large\"><img loading=\"lazy\" decoding=\"async\" width=\"800\" height=\"524\" src=\"https:\/\/dgpe.gouv.ci\/fr\/wp-content\/uploads\/2021\/12\/dgpe.jpg\" class=\"attachment-large size-large\" alt=\"\" srcset=\"https:\/\/dgpe.gouv.ci\/fr\/wp-content\/uploads\/2021\/12\/dgpe.jpg 800w, https:\/\/dgpe.gouv.ci\/fr\/wp-content\/uploads\/2021\/12\/dgpe-300x197.jpg 300w, https:\/\/dgpe.gouv.ci\/fr\/wp-content\/uploads\/2021\/12\/dgpe-768x503.jpg 768w\" sizes=\"(max-width: 800px) 100vw, 800px\" \/><\/div><!-- Story Description --><div class=\"twae-description\"><p style=\"text-align: justify\">Le 3 novembre 2016, la Direction des Participations et de la Privatisation a \u00e9t\u00e9 \u00e9rig\u00e9e en Direction G\u00e9n\u00e9rale du Portefeuille de l'Etat (DGPE), suite \u00e0 l'adoption par le Conseil des Ministres de l'organigramme du Minist\u00e8re aupr\u00e8s du Premier Ministre, charg\u00e9 du Budget et du Portefeuille de l'Etat.<\/p><\/div><\/div><\/div><!-- Start of Story Repeater Content --><div id=\"story-5216583\" class=\"twae-story twae-repeater-item twae-story-left twae-story-no-icon\"><!-- Story Label --><div class=\"twae-labels\"><div class=\"twae-label-big\">2017<\/div><div class=\"twae-label-small\">Rattachement<\/div><\/div><!-- Story Icon --><div class=\"twae-icon\"><i aria-hidden=\"true\" class=\"fas fa-home\"><\/i><\/div><!-- Story Arrow --><div class=\"twae-arrow\"><\/div><!-- Start of Story Content --><div class=\"twae-content\"><!-- Story Title --><div class=\"twae-title\">TUTELLE MINISTERIELLE<\/div><!-- Story Image --><div class=\"twae-media large\"><img loading=\"lazy\" decoding=\"async\" width=\"685\" height=\"451\" src=\"https:\/\/dgpe.gouv.ci\/fr\/wp-content\/uploads\/2022\/12\/ministre_dgpe.jpg\" class=\"attachment-large size-large\" alt=\"\" srcset=\"https:\/\/dgpe.gouv.ci\/fr\/wp-content\/uploads\/2022\/12\/ministre_dgpe.jpg 685w, https:\/\/dgpe.gouv.ci\/fr\/wp-content\/uploads\/2022\/12\/ministre_dgpe-300x198.jpg 300w\" sizes=\"(max-width: 685px) 100vw, 685px\" \/><\/div><!-- Story Description --><div class=\"twae-description\"><p style=\"text-align: justify\">Le 19 juillet 2017, la DGPE est plac\u00e9e sous la tutelle du Secr\u00e9tariat d\u2019Etat aupr\u00e8s du Premier Ministre, charg\u00e9 du Budget et du Portefeuille de l\u2019Etat (SEPMBPE) jusqu\u2019en aout 2020. Puis sous la tutelle du Minist\u00e8re aupr\u00e8s du Premier Ministre, charg\u00e9 du Budget et du Portefeuille de l\u2019Etat (MPMBPE) le 4 septembre 2019, avant d\u2019\u00eatre sous la tutelle depuis le 23 septembre 2020, du Minist\u00e8re du Budget et du Portefeuille de l\u2019Etat (MBPE).<\/p><\/div><\/div><\/div><!-- Start of Story Repeater Content --><div id=\"story-b401d4e\" class=\"twae-story twae-repeater-item twae-story-right twae-story-no-icon\"><!-- Story Label --><div class=\"twae-labels\"><div class=\"twae-label-big\">2023<\/div><div class=\"twae-label-small\">R\u00e9organisation<\/div><\/div><!-- Story Icon --><div class=\"twae-icon\"><i aria-hidden=\"true\" class=\"fas fa-home\"><\/i><\/div><!-- Story Arrow --><div class=\"twae-arrow\"><\/div><!-- Start of Story Content --><div class=\"twae-content\"><!-- Story Title --><div class=\"twae-title\">CREATION DU MINISTERE DU PATRIMOINE DE L\u2019ETAT, DU PORTEFEUILLE DE L\u2019ETAT ET DES ENTREPRISES PUBLIQUES (MPPEEP)<\/div><!-- Story Image --><div class=\"twae-media large\"><img loading=\"lazy\" decoding=\"async\" width=\"685\" height=\"407\" src=\"https:\/\/dgpe.gouv.ci\/fr\/wp-content\/uploads\/2024\/02\/mppeep.jpg\" class=\"attachment-large size-large\" alt=\"\" srcset=\"https:\/\/dgpe.gouv.ci\/fr\/wp-content\/uploads\/2024\/02\/mppeep.jpg 685w, https:\/\/dgpe.gouv.ci\/fr\/wp-content\/uploads\/2024\/02\/mppeep-300x178.jpg 300w\" sizes=\"(max-width: 685px) 100vw, 685px\" \/><\/div><!-- Story Description --><div class=\"twae-description\"><p style=\"text-align: justify\">Le 17 octobre 2023, conform\u00e9ment au d\u00e9cret n\u00b0 2023-963 du 06 d\u00e9cembre 2023, la DGPE change de tutelle et est d\u00e9sormais rattach\u00e9e au Minist\u00e8re du Patrimoine, du Portefeuille de l\u2019Etat et des Entreprises Publiques (MPPEEP).<\/p><\/div><\/div><\/div><!-- Start of Story Repeater Content --><div id=\"story-21b2340\" class=\"twae-story twae-repeater-item twae-story-left twae-story-no-icon\"><!-- Story Label --><div class=\"twae-labels\"><div class=\"twae-label-big\">2026<\/div><div class=\"twae-label-small\">Consolidation<\/div><\/div><!-- Story Icon --><div class=\"twae-icon\"><i aria-hidden=\"true\" class=\"fas fa-home\"><\/i><\/div><!-- Story Arrow --><div class=\"twae-arrow\"><\/div><!-- Start of Story Content --><div class=\"twae-content\"><!-- Story Title --><div class=\"twae-title\">TRANSFORMATION DU MPPEEP EN MINISTERE DU PORTEFEUILLE DE L'ETAT  ET DES ENTREPRISES PUBLIQUES (MPEEP)<\/div><!-- Story Image --><div class=\"twae-media large\"><img loading=\"lazy\" decoding=\"async\" width=\"685\" height=\"516\" src=\"https:\/\/dgpe.gouv.ci\/fr\/wp-content\/uploads\/2026\/02\/Ministre-MPEEP.jpg\" class=\"attachment-large size-large\" alt=\"\" srcset=\"https:\/\/dgpe.gouv.ci\/fr\/wp-content\/uploads\/2026\/02\/Ministre-MPEEP.jpg 685w, https:\/\/dgpe.gouv.ci\/fr\/wp-content\/uploads\/2026\/02\/Ministre-MPEEP-300x226.jpg 300w\" sizes=\"(max-width: 685px) 100vw, 685px\" \/><\/div><!-- Story Description --><div class=\"twae-description\"><p style=\"text-align: justify\">La DGPE autrefois sous l\u2019\u00e9gide du MPPEEP, est plac\u00e9e d\u00e9sormais sous la tutelle du Professeur Mariatou KONE, Ministre du Portefeuille de l\u2019Etat et des Entreprises Publiques (MPEEP), conform\u00e9ment au d\u00e9cret n\u00b02026-08 du 23 janvier 2026 portant nomination des membres du gouvernement.<\/p><\/div><\/div><\/div><\/div>\n    <div class=\"twae-end\"><\/div>\n    <\/div><style type=\"text\/css\">@media (max-width: 1024px){ .twae-wrapper{--tw-ybx-size: 80px !important;}}@media (max-width: 767px){ .twae-wrapper{--tw-ybx-size: 80px !important}}<\/style>\t\t\t\t<\/div>\n\t\t\t\t<\/div>\n\t\t\t\t\t<\/div>\n\t\t<\/div>\n\t\t\t\t\t<\/div>\n\t\t<\/section>\n\t\t\t\t<section data-exad-particle-enable=\"false\" class=\"elementor-section elementor-top-section elementor-element elementor-element-5733d513 elementor-section-stretched elementor-section-boxed elementor-section-height-default elementor-section-height-default exad-parallax-effect-no exad-background-color-change-no exad-glass-effect-no exad-sticky-section-no\" data-id=\"5733d513\" data-element_type=\"section\" data-e-type=\"section\" data-settings=\"{&quot;stretch_section&quot;:&quot;section-stretched&quot;}\">\n\t\t\t\t\t\t<div class=\"elementor-container elementor-column-gap-no\">\n\t\t\t\t\t<div class=\"elementor-column elementor-col-100 elementor-top-column elementor-element elementor-element-58e540ad exad-glass-effect-no exad-sticky-section-no\" data-id=\"58e540ad\" data-element_type=\"column\" data-e-type=\"column\">\n\t\t\t<div class=\"elementor-widget-wrap\">\n\t\t\t\t\t\t\t<\/div>\n\t\t<\/div>\n\t\t\t\t\t<\/div>\n\t\t<\/section>\n\t\t\t\t<\/div>\n\t\t","protected":false},"excerpt":{"rendered":"<p>Historique Qui Sommes-nous ? La cr\u00e9ation par l\u2019Etat de C\u00f4te d\u2019Ivoire d\u2019un important secteur parapublic couvrant tous les domaines de l\u2019\u00e9conomie nationale avait pour but d\u2019acc\u00e9l\u00e9rer le processus de d\u00e9veloppement \u00e9conomique du pays. 1963 &#8211; 1980Cr\u00e9ationDE LA CREATION A LA DISSOLUTION DE LA SOCIETE NATIONALE DE FINANCEMENT (SONAFI) Dans le [&hellip;]<\/p>\n","protected":false},"author":1,"featured_media":0,"parent":0,"menu_order":0,"comment_status":"closed","ping_status":"closed","template":"elementor_header_footer","meta":{"footnotes":""},"class_list":["post-2311","page","type-page","status-publish","hentry"],"_links":{"self":[{"href":"https:\/\/dgpe.gouv.ci\/fr\/wp-json\/wp\/v2\/pages\/2311","targetHints":{"allow":["GET"]}}],"collection":[{"href":"https:\/\/dgpe.gouv.ci\/fr\/wp-json\/wp\/v2\/pages"}],"about":[{"href":"https:\/\/dgpe.gouv.ci\/fr\/wp-json\/wp\/v2\/types\/page"}],"author":[{"embeddable":true,"href":"https:\/\/dgpe.gouv.ci\/fr\/wp-json\/wp\/v2\/users\/1"}],"replies":[{"embeddable":true,"href":"https:\/\/dgpe.gouv.ci\/fr\/wp-json\/wp\/v2\/comments?post=2311"}],"version-history":[{"count":3,"href":"https:\/\/dgpe.gouv.ci\/fr\/wp-json\/wp\/v2\/pages\/2311\/revisions"}],"predecessor-version":[{"id":16681,"href":"https:\/\/dgpe.gouv.ci\/fr\/wp-json\/wp\/v2\/pages\/2311\/revisions\/16681"}],"wp:attachment":[{"href":"https:\/\/dgpe.gouv.ci\/fr\/wp-json\/wp\/v2\/media?parent=2311"}],"curies":[{"name":"wp","href":"https:\/\/api.w.org\/{rel}","templated":true}]}}